{"version":"1.0","provider_name":"Ik\u00e4vihre\u00e4t","provider_url":"https:\/\/yhdistykset.vihreat.fi\/ikavihreat","author_name":"aunimarjavilavaara","author_url":"https:\/\/yhdistykset.vihreat.fi\/ikavihreat\/author\/aunimarjavilavaara\/","title":"El\u00e4kel\u00e4isten olympialaiset Lemp\u00e4\u00e4l\u00e4ss\u00e4 - Ik\u00e4vihre\u00e4t","type":"rich","width":600,"height":338,"html":"<blockquote class=\"wp-embedded-content\" data-secret=\"TaAf7FYsDH\"><a href=\"https:\/\/yhdistykset.vihreat.fi\/ikavihreat\/elakelaisten-olympialaiset-lempaalassa\/\">El\u00e4kel\u00e4isten olympialaiset Lemp\u00e4\u00e4l\u00e4ss\u00e4<\/a><\/blockquote><iframe sandbox=\"allow-scripts\" security=\"restricted\" src=\"https:\/\/yhdistykset.vihreat.fi\/ikavihreat\/elakelaisten-olympialaiset-lempaalassa\/embed\/#?secret=TaAf7FYsDH\" width=\"600\" height=\"338\" title=\"&#8221;El\u00e4kel\u00e4isten olympialaiset Lemp\u00e4\u00e4l\u00e4ss\u00e4&#8221; &#8212; Ik\u00e4vihre\u00e4t\" data-secret=\"TaAf7FYsDH\" frameborder=\"0\" marginwidth=\"0\" marginheight=\"0\" scrolling=\"no\" class=\"wp-embedded-content\"><\/iframe><script>\n\/*! This file is auto-generated *\/\n!function(d,l){\"use strict\";l.querySelector&&d.addEventListener&&\"undefined\"!=typeof URL&&(d.wp=d.wp||{},d.wp.receiveEmbedMessage||(d.wp.receiveEmbedMessage=function(e){var t=e.data;if((t||t.secret||t.message||t.value)&&!\/[^a-zA-Z0-9]\/.test(t.secret)){for(var s,r,n,a=l.querySelectorAll('iframe[data-secret=\"'+t.secret+'\"]'),o=l.querySelectorAll('blockquote[data-secret=\"'+t.secret+'\"]'),c=new RegExp(\"^https?:$\",\"i\"),i=0;i<o.length;i++)o[i].style.display=\"none\";for(i=0;i<a.length;i++)s=a[i],e.source===s.contentWindow&&(s.removeAttribute(\"style\"),\"height\"===t.message?(1e3<(r=parseInt(t.value,10))?r=1e3:~~r<200&&(r=200),s.height=r):\"link\"===t.message&&(r=new URL(s.getAttribute(\"src\")),n=new URL(t.value),c.test(n.protocol))&&n.host===r.host&&l.activeElement===s&&(d.top.location.href=t.value))}},d.addEventListener(\"message\",d.wp.receiveEmbedMessage,!1),l.addEventListener(\"DOMContentLoaded\",function(){for(var e,t,s=l.querySelectorAll(\"iframe.wp-embedded-content\"),r=0;r<s.length;r++)(t=(e=s[r]).getAttribute(\"data-secret\"))||(t=Math.random().toString(36).substring(2,12),e.src+=\"#?secret=\"+t,e.setAttribute(\"data-secret\",t)),e.contentWindow.postMessage({message:\"ready\",secret:t},\"*\")},!1)))}(window,document);\n\/\/# sourceURL=https:\/\/yhdistykset.vihreat.fi\/ikavihreat\/wp-includes\/js\/wp-embed.min.js\n<\/script>\n","thumbnail_url":"https:\/\/yhdistykset.vihreat.fi\/ikavihreat\/files\/2026\/08\/olympialaiset-991x320.png","thumbnail_width":782,"thumbnail_height":440,"description":"Lemp\u00e4\u00e4l\u00e4ss\u00e4 j\u00e4rjestettiin el\u00e4kel\u00e4isj\u00e4rjest\u00f6jen voimin el\u00e4kel\u00e4isten Olympialaiset kes\u00e4isen\u00e4 keskiviikkona 26.8.2026. Tilaisuuden avajaispuheen piti j\u00e4rjest\u00f6suunnittelija Anu Nevalainen. Puhe sis\u00e4lt\u00e4\u00e4 olennaisen koko olympia-aatteesta. Puhe on kokonaisuudessaan seuraava: \u201dHyv\u00e4t olympialaisten osallistujat. On ilo ja kunnia saada olla t\u00e4\u00e4ll\u00e4 t\u00e4n\u00e4\u00e4n mukana. Olemme kokoontuneet viett\u00e4m\u00e4\u00e4n liikunnallista p\u00e4iv\u00e4\u00e4 yhdess\u00e4, nauttimaan kohtaamisista, hyv\u00e4st\u00e4 seurasta ja leikkimielisest\u00e4 kisailusta. T\u00e4m\u00e4 p\u00e4iv\u00e4 kertoo ennen kaikkea yhteis\u00f6llisyydest\u00e4, [&hellip;]"}