{"version":"1.0","provider_name":"Ik\u00e4vihre\u00e4t","provider_url":"https:\/\/yhdistykset.vihreat.fi\/ikavihreat","author_name":"reino.lampinen","author_url":"https:\/\/yhdistykset.vihreat.fi\/ikavihreat\/author\/reino-lampinen\/","title":"Hallitus ottaa ja v\u00e4h\u00e4n antaakin - Ik\u00e4vihre\u00e4t","type":"rich","width":600,"height":338,"html":"<blockquote class=\"wp-embedded-content\" data-secret=\"tOTX6CUd3S\"><a href=\"https:\/\/yhdistykset.vihreat.fi\/ikavihreat\/hallitus-ottaa-ja-vahan-antaakin\/\">Hallitus ottaa ja v\u00e4h\u00e4n antaakin<\/a><\/blockquote><iframe sandbox=\"allow-scripts\" security=\"restricted\" src=\"https:\/\/yhdistykset.vihreat.fi\/ikavihreat\/hallitus-ottaa-ja-vahan-antaakin\/embed\/#?secret=tOTX6CUd3S\" width=\"600\" height=\"338\" title=\"&#8221;Hallitus ottaa ja v\u00e4h\u00e4n antaakin&#8221; &#8212; Ik\u00e4vihre\u00e4t\" data-secret=\"tOTX6CUd3S\" frameborder=\"0\" marginwidth=\"0\" marginheight=\"0\" scrolling=\"no\" class=\"wp-embedded-content\"><\/iframe><script>\n\/*! This file is auto-generated *\/\n!function(d,l){\"use strict\";l.querySelector&&d.addEventListener&&\"undefined\"!=typeof URL&&(d.wp=d.wp||{},d.wp.receiveEmbedMessage||(d.wp.receiveEmbedMessage=function(e){var t=e.data;if((t||t.secret||t.message||t.value)&&!\/[^a-zA-Z0-9]\/.test(t.secret)){for(var s,r,n,a=l.querySelectorAll('iframe[data-secret=\"'+t.secret+'\"]'),o=l.querySelectorAll('blockquote[data-secret=\"'+t.secret+'\"]'),c=new RegExp(\"^https?:$\",\"i\"),i=0;i<o.length;i++)o[i].style.display=\"none\";for(i=0;i<a.length;i++)s=a[i],e.source===s.contentWindow&&(s.removeAttribute(\"style\"),\"height\"===t.message?(1e3<(r=parseInt(t.value,10))?r=1e3:~~r<200&&(r=200),s.height=r):\"link\"===t.message&&(r=new URL(s.getAttribute(\"src\")),n=new URL(t.value),c.test(n.protocol))&&n.host===r.host&&l.activeElement===s&&(d.top.location.href=t.value))}},d.addEventListener(\"message\",d.wp.receiveEmbedMessage,!1),l.addEventListener(\"DOMContentLoaded\",function(){for(var e,t,s=l.querySelectorAll(\"iframe.wp-embedded-content\"),r=0;r<s.length;r++)(t=(e=s[r]).getAttribute(\"data-secret\"))||(t=Math.random().toString(36).substring(2,12),e.src+=\"#?secret=\"+t,e.setAttribute(\"data-secret\",t)),e.contentWindow.postMessage({message:\"ready\",secret:t},\"*\")},!1)))}(window,document);\n\/\/# sourceURL=https:\/\/yhdistykset.vihreat.fi\/ikavihreat\/wp-includes\/js\/wp-embed.min.js\n<\/script>\n","description":"Hallitusohjelma tunnetusti leikkaa v\u00e4h\u00e4osaisten sosiaali- ja terveysmenoista. K\u00e4vin ohjelman liitteen l\u00e4pi kohta kohdalta ja l\u00f6ysin sielt\u00e4 seuraavat ik\u00e4ihmisiin kohdistuvat leikkaukset: Vanhuspalvelujen henkil\u00f6st\u00f6mitoituksen tarkistaminen STM:n ja Suomen Kuntaliiton laatusuositusta hyv\u00e4n ik\u00e4\u00e4ntymisen turvaamiseksi ja palvelujen parantamiseksi tarkistetaan siten, ett\u00e4 tehostetussa palveluasumisessa ja vanhainkodeissa henkil\u00f6st\u00f6n ehdoton v\u00e4himm\u00e4ism\u00e4\u00e4r\u00e4 olisi 0,40\u20130,50 hoitoty\u00f6ntekij\u00e4\u00e4 \/ asiakas (nykyisin 0,50). Terveyskeskusten vuodeosastojen pitk\u00e4aikaishoidossa suositus [&hellip;]"}