{"id":16,"date":"2016-05-16T09:24:59","date_gmt":"2016-05-16T06:24:59","guid":{"rendered":"https:\/\/yhdistykset.vihreat.fi\/raaseporin.vihreat\/?page_id=16"},"modified":"2025-08-27T12:36:26","modified_gmt":"2025-08-27T09:36:26","slug":"luottamustoimet","status":"publish","type":"page","link":"https:\/\/yhdistykset.vihreat.fi\/raaseporin.vihreat\/raaseporin-vihreat-raseborgs-grona\/luottamustoimet\/","title":{"rendered":"Luottamustoimet 2025-2029 &#8211; F\u00f6rtroendeuppdrag 2025-2029"},"content":{"rendered":"<p><strong>RAASEPORIN VIHRE\u00c4 VALTUUSTORYHM\u00c4\u00a0<\/strong><br \/>\n(raaseporin-vihrea-valtuustoryhma\u00a0at\u00a0googlegroups.com):<\/p>\n<h3><strong>Varsinaiset valtuutetut<br \/>\n<\/strong><\/h3>\n<p>Kati Sointukangas<br \/>\nEsko Vuorinen<br \/>\nHermanni Backer Johnsen<\/p>\n<h3><strong>Varavaltuutetut<br \/>\n<\/strong><\/h3>\n<p>Tanja Konttinen<br \/>\nIra Donner<br \/>\nKirsi Lindroos<\/p>\n<p><strong>Stadstyrelsen \/ Kaupunginhallitus<\/strong>:<br \/>\n<span class=\"nc684nl6\">Kati Sointukangas<\/span> (Ira Donner)<\/p>\n<p><strong>Konsernijaosto\/Koncernsektion:<\/strong><br \/>\nKati Sointukangas (Esko Vuorinen)<\/p>\n<p><strong>Henkil\u00f6st\u00f6jaosto\/Personalsektion:<\/strong><br \/>\nKati Sointukangas (P\u00e4ivi Rignell)<\/p>\n<p><strong>Yhteisty\u00f6toimikunta\/Samarbetskommitt\u00e9:<\/strong><br \/>\nKati Sointukangas<\/p>\n<p><strong>Revisionsn\u00e4mnden \/ Tarkastuslautakunta<\/strong>:<br \/>\nSusanna Kankare (Tiina Kinnunen)<\/p>\n<p><strong>Centralvaln\u00e4mnden \/ Keskusvaalilautakunta<\/strong>:<br \/>\nHeli Laaksonen (4. varaj\u00e4sen Eve Rannu)<\/p>\n<div dir=\"auto\"><strong>Bildningsn\u00e4mnden \/ Sivistyslautakunta<\/strong>:<br \/>\nKirsi Lindroos (Tanja Konttinen)<\/div>\n<div dir=\"auto\"><\/div>\n<div dir=\"auto\"><strong>Bildningsn\u00e4mndens svenskspr\u00e5kiga sektion \/ Sivistyslautakunnan ruotsinkielinen jaosto:<\/strong><br \/>\nFanni Sundell (Katti Riski)<\/div>\n<div dir=\"auto\"><\/div>\n<div dir=\"auto\"><strong>Tekniska n\u00e4mnden \/ Tekninen lautakunta<\/strong>:<br \/>\nHermanni Backer Johnsen (Jaakko P\u00f6yt\u00e4niemi)<\/div>\n<div dir=\"auto\"><\/div>\n<div dir=\"auto\"><span style=\"font-weight: 400;\"><strong>Elinkeinoel\u00e4m\u00e4n lautakunta \/ N\u00e4ringslivsn\u00e4mnd:<br \/>\n<\/strong><\/span>Lennart Nybergh (P\u00e4ivi Viitanen)<\/div>\n<div dir=\"auto\"><\/div>\n<div dir=\"auto\"><span style=\"font-weight: 400;\"><strong>Kulttuuri- ja vapaa-aikalautakunta \/ Kultur- och fritidsn\u00e4mnd;<br \/>\n<\/strong>Tanja Konttinen (Suvi Sj\u00f6blom)<\/span><\/div>\n<div dir=\"auto\"><\/div>\n<div dir=\"auto\"><strong>Planl\u00e4ggningsn\u00e4mnden \/ Kaavoituslautakunta<\/strong>:<br \/>\n<span class=\"nc684nl6\">Ira Donner<\/span> (<span class=\"nc684nl6\">Hermanni Backer Johnsen<\/span>)<\/div>\n<div dir=\"auto\"><\/div>\n<div dir=\"auto\"><strong>Milj\u00f6- och byggnadsn\u00e4mnden \/ Ymp\u00e4rist\u00f6- ja rakennuslautakunta<\/strong>:<br \/>\nEsko Vuorinen, puheenjohtaja (<span class=\"nc684nl6\">P\u00e4ivi Viitanen<\/span>)<\/div>\n<div dir=\"auto\"><\/div>\n<div dir=\"auto\"><span style=\"font-weight: 400;\"><strong>Raaseporin Vesi -liikelaitoksen johtokunta \/ Direktion f\u00f6r aff\u00e4rsverket Raseborgs Vatten:<br \/>\n<\/strong>Minna \u00d6ster (Kati Sointukangas)<br \/>\n<\/span><\/div>\n<div dir=\"auto\"><\/div>\n<div dir=\"auto\"><strong>Gode m\u00e4n vid fastighetsf\u00f6rr\u00e4ttningar \/ Kiinteist\u00f6toimitusten uskottu mies<\/strong>:<br \/>\nP\u00e4ivi Viitanen<\/div>\n<div dir=\"auto\"><\/div>\n<div dir=\"auto\"><strong>V\u00e4stra Nylands Folkh\u00f6gskola, styrelse:<br \/>\n<\/strong>Kennet Lindholm (Kirsi Lindroos)<\/div>\n<div dir=\"auto\"><\/div>\n<div dir=\"auto\"><strong>Lautamies L\u00e4nsi-Uudenmaan k\u00e4r\u00e4j\u00e4oikeudessa: <\/strong><br \/>\nP\u00e4ivi Viitanen<\/div>\n","protected":false},"excerpt":{"rendered":"<p>RAASEPORIN VIHRE\u00c4 VALTUUSTORYHM\u00c4\u00a0 (raaseporin-vihrea-valtuustoryhma\u00a0at\u00a0googlegroups.com): Varsinaiset valtuutetut Kati Sointukangas Esko Vuorinen Hermanni Backer Johnsen Varavaltuutetut Tanja Konttinen Ira Donner Kirsi Lindroos Stadstyrelsen \/ Kaupunginhallitus: Kati Sointukangas (Ira Donner) Konsernijaosto\/Koncernsektion: Kati Sointukangas (Esko Vuorinen) Henkil\u00f6st\u00f6jaosto\/Personalsektion: Kati Sointukangas (P\u00e4ivi Rignell) Yhteisty\u00f6toimikunta\/Samarbetskommitt\u00e9: Kati Sointukangas Revisionsn\u00e4mnden \/ Tarkastuslautakunta: Susanna Kankare (Tiina Kinnunen) Centralvaln\u00e4mnden \/ Keskusvaalilautakunta: Heli Laaksonen (4. varaj\u00e4sen Eve [&hellip;]<\/p>\n","protected":false},"author":633,"featured_media":0,"parent":591,"menu_order":0,"comment_status":"closed","ping_status":"closed","template":"","meta":{"footnotes":""},"class_list":["post-16","page","type-page","status-publish","hentry"],"_links":{"self":[{"href":"https:\/\/yhdistykset.vihreat.fi\/raaseporin.vihreat\/wp-json\/wp\/v2\/pages\/16","targetHints":{"allow":["GET"]}}],"collection":[{"href":"https:\/\/yhdistykset.vihreat.fi\/raaseporin.vihreat\/wp-json\/wp\/v2\/pages"}],"about":[{"href":"https:\/\/yhdistykset.vihreat.fi\/raaseporin.vihreat\/wp-json\/wp\/v2\/types\/page"}],"author":[{"embeddable":true,"href":"https:\/\/yhdistykset.vihreat.fi\/raaseporin.vihreat\/wp-json\/wp\/v2\/users\/633"}],"replies":[{"embeddable":true,"href":"https:\/\/yhdistykset.vihreat.fi\/raaseporin.vihreat\/wp-json\/wp\/v2\/comments?post=16"}],"version-history":[{"count":29,"href":"https:\/\/yhdistykset.vihreat.fi\/raaseporin.vihreat\/wp-json\/wp\/v2\/pages\/16\/revisions"}],"predecessor-version":[{"id":831,"href":"https:\/\/yhdistykset.vihreat.fi\/raaseporin.vihreat\/wp-json\/wp\/v2\/pages\/16\/revisions\/831"}],"up":[{"embeddable":true,"href":"https:\/\/yhdistykset.vihreat.fi\/raaseporin.vihreat\/wp-json\/wp\/v2\/pages\/591"}],"wp:attachment":[{"href":"https:\/\/yhdistykset.vihreat.fi\/raaseporin.vihreat\/wp-json\/wp\/v2\/media?parent=16"}],"curies":[{"name":"wp","href":"https:\/\/api.w.org\/{rel}","templated":true}]}}