{"id":429,"date":"2023-02-03T17:15:00","date_gmt":"2023-02-03T15:15:00","guid":{"rendered":"https:\/\/yhdistykset.vihreat.fi\/raaseporin.vihreat\/?page_id=429"},"modified":"2023-03-25T18:26:09","modified_gmt":"2023-03-25T16:26:09","slug":"429-2","status":"publish","type":"page","link":"https:\/\/yhdistykset.vihreat.fi\/raaseporin.vihreat\/429-2\/","title":{"rendered":"Eduskuntavaalit 2023 &#8211; Riksdagsvalet 2023"},"content":{"rendered":"<p><img loading=\"lazy\" decoding=\"async\" class=\"alignnone size-medium wp-image-430\" src=\"https:\/\/yhdistykset.vihreat.fi\/raaseporin.vihreat\/files\/2023\/03\/kati-sointukangas-280x300.png\" alt=\"Kati Sointukangas\" width=\"280\" height=\"300\" srcset=\"https:\/\/yhdistykset.vihreat.fi\/raaseporin.vihreat\/files\/2023\/03\/kati-sointukangas-280x300.png 280w, https:\/\/yhdistykset.vihreat.fi\/raaseporin.vihreat\/files\/2023\/03\/kati-sointukangas.png 700w\" sizes=\"auto, (max-width: 280px) 100vw, 280px\" \/><\/p>\n<p>Uudenmaan Vihre\u00e4t valitsi 31.1. ehdokkaaksi vuoden 2023 eduskuntavaaleihin Kati Sointukankaan Raaseporista.<\/p>\n<p><a href=\"https:\/\/www.vihreat.fi\/ehdokkaat\/?kieli=fi&amp;vaali=eduskuntavaali-2023&amp;alue=vp2&amp;gclid=Cj0KCQjwt_qgBhDFARIsABcDjOequTFL-rj1JNnjrtiv2pvU9yqg4rjv8Io04DPTW8T-9r8OW5l6Qk8aArakEALw_wcB\"><strong>Kaikki Uudenmaan Vihre\u00e4t ehdokkaat &#8211; Alla Gr\u00f6na kandidater i Nyland<\/strong><\/a><\/p>\n<p><strong><a href=\"https:\/\/www.vihreat.fi\/ehdokkaat\/?kieli=fi&amp;vaali=eduskuntavaali-2023&amp;alue=vp2&amp;gclid=Cj0KCQjwt_qgBhDFARIsABcDjOequTFL-rj1JNnjrtiv2pvU9yqg4rjv8Io04DPTW8T-9r8OW5l6Qk8aArakEALw_wcB&amp;ehdokas=sointukangas-kati-6329\">Kati Sointukangas<\/a><br \/>\n<\/strong>HTM, toimittaja\/tuottaja * F\u00f6M, journalist\/producent<\/p>\n<p>Olen nelj\u00e4n lapsen \u00e4iti ja intohimoinen luonnon, kulttuurin, koulutuksen ja ihmisoikeuksien puolustaja. Olen opiskellut ymp\u00e4rist\u00f6politiikkaa ja teen t\u00f6it\u00e4 kulttuurin ja tiedeviestinn\u00e4n parissa. Vaikutan toista kautta Raaseporin kaupunginvaltuustossa ja -hallituksessa.<\/p>\n<p>Minulle politiikassa on kyse ihmisoikeuksien puolustamisesta. Jokaisen oikeus arvokkaaseen el\u00e4m\u00e4\u00e4n, koulutukseen ja puhtaaseen ymp\u00e4rist\u00f6\u00f6n tulee olla kaiken p\u00e4\u00e4t\u00f6ksenteon perusta. Talouden pit\u00e4\u00e4 mahtua luonnon asettamiin rajoihin, se on ainoa keino turvata hyv\u00e4 el\u00e4m\u00e4 my\u00f6s tuleville sukupolville.<\/p>\n<p>Ilmastokriisin ja luontokadon torjumisen lis\u00e4ksi tulevaisuus turvataan koulutukseen ja tutkimukseen panostamalla.<\/p>\n<p>***<\/p>\n<p>Jag \u00e4r fyrabarnsmor och en passionerad f\u00f6rsvarare av naturen, kulturen, utbildning och m\u00e4nskliga r\u00e4ttigheter. Jag har studerat milj\u00f6politik och arbetar med kultur, vetenskapskommunikation och dokument\u00e4rer. \u00a0I Raseborg sitter jag min andra mandatperiod \u00a0i stadsfullm\u00e4ktige och i stadsstyrelsen.<\/p>\n<p>I politiken \u00e4r det viktigaste f\u00f6r mej att f\u00f6rsvara de m\u00e4nskliga r\u00e4ttigheterna. Varje m\u00e4nniskas r\u00e4tt till ett v\u00e4rdigt liv, utbildning, och en ren milj\u00f6 skall vara grunden f\u00f6r alla beslut som fattas. V\u00e5r ekonomi b\u00f6r rymmas inf\u00f6r de gr\u00e4nser som naturen s\u00e4tter, det \u00e4r det enda s\u00e4ttet att trygga de m\u00e4nskliga r\u00e4ttigheterna f\u00f6r f\u00f6ljande generationer.<\/p>\n<p>Framtiden tryggas genom att man avv\u00e4rjer klimatkrisen och s\u00e4krar naturens m\u00e5ngfald. Lika viktig \u00e4r satsning p\u00e5 skolning och forskning.<\/p>\n<p>***<\/p>\n<p><a href=\"https:\/\/www.vihreat.fi\/ehdokkaat\/?kieli=fi&amp;vaali=eduskuntavaali-2023&amp;alue=vp2&amp;gclid=Cj0KCQjwt_qgBhDFARIsABcDjOequTFL-rj1JNnjrtiv2pvU9yqg4rjv8Io04DPTW8T-9r8OW5l6Qk8aArakEALw_wcB\">Kaikki Uudenmaan Vihre\u00e4t ehdokkaat &#8211; Alla Gr\u00f6na kandidater i Nyland<\/a><\/p>\n","protected":false},"excerpt":{"rendered":"<p>Uudenmaan Vihre\u00e4t valitsi 31.1. ehdokkaaksi vuoden 2023 eduskuntavaaleihin Kati Sointukankaan Raaseporista. Kaikki Uudenmaan Vihre\u00e4t ehdokkaat &#8211; Alla Gr\u00f6na kandidater i Nyland Kati Sointukangas HTM, toimittaja\/tuottaja * F\u00f6M, journalist\/producent Olen nelj\u00e4n lapsen \u00e4iti ja intohimoinen luonnon, kulttuurin, koulutuksen ja ihmisoikeuksien puolustaja. Olen opiskellut ymp\u00e4rist\u00f6politiikkaa ja teen t\u00f6it\u00e4 kulttuurin ja tiedeviestinn\u00e4n parissa. Vaikutan toista kautta Raaseporin kaupunginvaltuustossa [&hellip;]<\/p>\n","protected":false},"author":633,"featured_media":0,"parent":0,"menu_order":0,"comment_status":"closed","ping_status":"closed","template":"","meta":{"footnotes":""},"class_list":["post-429","page","type-page","status-publish","hentry"],"_links":{"self":[{"href":"https:\/\/yhdistykset.vihreat.fi\/raaseporin.vihreat\/wp-json\/wp\/v2\/pages\/429","targetHints":{"allow":["GET"]}}],"collection":[{"href":"https:\/\/yhdistykset.vihreat.fi\/raaseporin.vihreat\/wp-json\/wp\/v2\/pages"}],"about":[{"href":"https:\/\/yhdistykset.vihreat.fi\/raaseporin.vihreat\/wp-json\/wp\/v2\/types\/page"}],"author":[{"embeddable":true,"href":"https:\/\/yhdistykset.vihreat.fi\/raaseporin.vihreat\/wp-json\/wp\/v2\/users\/633"}],"replies":[{"embeddable":true,"href":"https:\/\/yhdistykset.vihreat.fi\/raaseporin.vihreat\/wp-json\/wp\/v2\/comments?post=429"}],"version-history":[{"count":5,"href":"https:\/\/yhdistykset.vihreat.fi\/raaseporin.vihreat\/wp-json\/wp\/v2\/pages\/429\/revisions"}],"predecessor-version":[{"id":460,"href":"https:\/\/yhdistykset.vihreat.fi\/raaseporin.vihreat\/wp-json\/wp\/v2\/pages\/429\/revisions\/460"}],"wp:attachment":[{"href":"https:\/\/yhdistykset.vihreat.fi\/raaseporin.vihreat\/wp-json\/wp\/v2\/media?parent=429"}],"curies":[{"name":"wp","href":"https:\/\/api.w.org\/{rel}","templated":true}]}}