{"id":591,"date":"2025-03-16T18:43:46","date_gmt":"2025-03-16T16:43:46","guid":{"rendered":"https:\/\/yhdistykset.vihreat.fi\/raaseporin.vihreat\/?page_id=591"},"modified":"2025-03-16T19:00:51","modified_gmt":"2025-03-16T17:00:51","slug":"raaseporin-vihreat-raseborgs-grona","status":"publish","type":"page","link":"https:\/\/yhdistykset.vihreat.fi\/raaseporin.vihreat\/raaseporin-vihreat-raseborgs-grona\/","title":{"rendered":"Raaseporin Vihre\u00e4t &#8211; Raseborgs Gr\u00f6na"},"content":{"rendered":"<p><span style=\"font-weight: 400;\">Kaksikielinen Raseborgs Gr\u00f6na rf., Raaseporit Vihre\u00e4t ry. on perustettu vuonna 1992, jolloin se aloitti toimintansa Pohjan ja Karjaan Vihre\u00e4t ry:n\u00e4. Raaseporin kuntaliitosta valmisteltaessa yhdistykseen liittyi Tammisaaren Vihre\u00e4t ry. ja sen nimi muutettiin Raseborgs Gr\u00f6na rf., Raaseporit Vihre\u00e4t ry.:ksi vuonna 2008.\u00a0<\/span><\/p>\n<p><span style=\"font-weight: 400;\">Yhdistyksen tarkoituksena on edist\u00e4\u00e4 toiminnallaan vihreit\u00e4 arvoja: luonnon- ja ymp\u00e4rist\u00f6nsuojelua, kulttuuriperinn\u00f6n vaalimista, kest\u00e4v\u00e4\u00e4 kehityst\u00e4, yhteiskunnallista oikeudenmukaisuutta, tasa-arvoa ja suvaitsevaisuutta. Se yhdist\u00e4\u00e4 arvomaailmaltaan vihreit\u00e4 Raaseporin asukkaita ja edist\u00e4\u00e4 kuntalaisten osallistumis- ja vaikuttamismahdollisuuksia oman elinymp\u00e4rist\u00f6ns\u00e4 kehitt\u00e4miseen.\u00a0<\/span><\/p>\n<h3><span style=\"font-weight: 400;\">***<\/span><\/h3>\n<p>Raseborgs Gr\u00f6na rf., Raaseporin Vihre\u00e4t inledde verksamheten som en tv\u00e5spr\u00e5kig f\u00f6rening \u00e5r 2008 d\u00e5 Pohjan ja Karjaan Vihre\u00e4t ry (grundat 1992) och Eken\u00e4s Gr\u00f6na rf. sammansl\u00f6ts i och med kommunsammanslagningen.<\/p>\n<p>F\u00f6reningen uppr\u00e4tth\u00e5ller gr\u00f6na v\u00e4rderingar genom att fr\u00e4mja natur och milj\u00f6skydd, h\u00e5llbar utveckling, social r\u00e4ttvisa, j\u00e4mlikhet och tolerans samt att bevara kulturarvet. Den sammanf\u00f6r Raseborgare med som delar dessa v\u00e4rderingar och st\u00e4rker inv\u00e5narnas m\u00f6jligheter att delta och p\u00e5verka utvecklingen av sin egen livsmilj\u00f6.<\/p>\n","protected":false},"excerpt":{"rendered":"<p>Kaksikielinen Raseborgs Gr\u00f6na rf., Raaseporit Vihre\u00e4t ry. on perustettu vuonna 1992, jolloin se aloitti toimintansa Pohjan ja Karjaan Vihre\u00e4t ry:n\u00e4. Raaseporin kuntaliitosta valmisteltaessa yhdistykseen liittyi Tammisaaren Vihre\u00e4t ry. ja sen nimi muutettiin Raseborgs Gr\u00f6na rf., Raaseporit Vihre\u00e4t ry.:ksi vuonna 2008.\u00a0 Yhdistyksen tarkoituksena on edist\u00e4\u00e4 toiminnallaan vihreit\u00e4 arvoja: luonnon- ja ymp\u00e4rist\u00f6nsuojelua, kulttuuriperinn\u00f6n vaalimista, kest\u00e4v\u00e4\u00e4 kehityst\u00e4, yhteiskunnallista [&hellip;]<\/p>\n","protected":false},"author":633,"featured_media":0,"parent":0,"menu_order":0,"comment_status":"closed","ping_status":"closed","template":"","meta":{"footnotes":""},"class_list":["post-591","page","type-page","status-publish","hentry"],"_links":{"self":[{"href":"https:\/\/yhdistykset.vihreat.fi\/raaseporin.vihreat\/wp-json\/wp\/v2\/pages\/591","targetHints":{"allow":["GET"]}}],"collection":[{"href":"https:\/\/yhdistykset.vihreat.fi\/raaseporin.vihreat\/wp-json\/wp\/v2\/pages"}],"about":[{"href":"https:\/\/yhdistykset.vihreat.fi\/raaseporin.vihreat\/wp-json\/wp\/v2\/types\/page"}],"author":[{"embeddable":true,"href":"https:\/\/yhdistykset.vihreat.fi\/raaseporin.vihreat\/wp-json\/wp\/v2\/users\/633"}],"replies":[{"embeddable":true,"href":"https:\/\/yhdistykset.vihreat.fi\/raaseporin.vihreat\/wp-json\/wp\/v2\/comments?post=591"}],"version-history":[{"count":2,"href":"https:\/\/yhdistykset.vihreat.fi\/raaseporin.vihreat\/wp-json\/wp\/v2\/pages\/591\/revisions"}],"predecessor-version":[{"id":599,"href":"https:\/\/yhdistykset.vihreat.fi\/raaseporin.vihreat\/wp-json\/wp\/v2\/pages\/591\/revisions\/599"}],"wp:attachment":[{"href":"https:\/\/yhdistykset.vihreat.fi\/raaseporin.vihreat\/wp-json\/wp\/v2\/media?parent=591"}],"curies":[{"name":"wp","href":"https:\/\/api.w.org\/{rel}","templated":true}]}}