{"id":613,"date":"2025-03-21T13:39:22","date_gmt":"2025-03-21T11:39:22","guid":{"rendered":"https:\/\/yhdistykset.vihreat.fi\/raaseporin.vihreat\/?page_id=613"},"modified":"2025-03-21T13:40:20","modified_gmt":"2025-03-21T11:40:20","slug":"hermanni-backer-johnsen","status":"publish","type":"page","link":"https:\/\/yhdistykset.vihreat.fi\/raaseporin.vihreat\/vaalit-val-2025\/ehdokkaat-2025-kandidater-2025\/hermanni-backer-johnsen\/","title":{"rendered":"Hermanni Backer Johnsen"},"content":{"rendered":"<p><img loading=\"lazy\" decoding=\"async\" class=\"alignnone size-full wp-image-627\" src=\"https:\/\/yhdistykset.vihreat.fi\/raaseporin.vihreat\/files\/2025\/03\/hermanni.png\" alt=\"\" width=\"250\" height=\"313\" srcset=\"https:\/\/yhdistykset.vihreat.fi\/raaseporin.vihreat\/files\/2025\/03\/hermanni.png 250w, https:\/\/yhdistykset.vihreat.fi\/raaseporin.vihreat\/files\/2025\/03\/hermanni-120x150.png 120w\" sizes=\"auto, (max-width: 250px) 100vw, 250px\" \/><\/p>\n<p><strong>FD (milj\u00f6vetenskaper) , internationell tj\u00e4nsteman, seglare<br \/>\nFT (ymp\u00e4rist\u00f6tieteet) , kv. virkamies, purjehtija<br \/>\nPhD (environmental sciences), international civil servant, sailor<\/strong><\/p>\n<p><em>&#8221;F\u00f6r smidigare kollektivtrafik, mera diversitet och roligare vattendrag&#8221;<\/em><\/p>\n<p><span style=\"font-weight: 400;\">49 \u00e5r. <\/span><span style=\"font-weight: 400;\">Jobbar med gr\u00f6n omst\u00e4llning och digitalisering\u00a0 inom transport och logistik samt f\u00f6r att minska sj\u00f6fartens risker. Jag har varit med om att \u00e4ndra det globala regelverket f\u00f6r sj\u00f6fart (avgaser och avlopp) och skydd av \u00d6stersj\u00f6n.<\/span><\/p>\n<p><span style=\"font-weight: 400;\">Jag vill fr\u00e4mja kulturell och biologisk m\u00e5ngfald, arbeta f\u00f6r ett innovativt n\u00e4ringsliv, f\u00f6r smidigare kollektivtrafikf\u00f6rbindelser samt renare och roligare vattendrag.<\/span><\/p>\n<p><em>&#8221;Sujuvamman<\/em><em> joukkoliikenteen,<\/em><em> diversiteetin<\/em><em> ja<\/em><em> hauskempien<\/em><em>\u00a0virtavesien<\/em><em> puolesta&#8221;<\/em><\/p>\n<p><span style=\"font-weight: 400;\">49 v.\u00a0<\/span><span style=\"font-weight: 400;\">Ty\u00f6skentelen liikenteen ja logistiikan vihre\u00e4n siirtym\u00e4n ja digitalisaation\u00a0 sek\u00e4 meriliikenteen riskienhallinnan parissa. Olen ollut mukana muuttamassa meriliikenteen pakokaasu ja j\u00e4tevesi\u00e4, sek\u00e4 It\u00e4merta koskevaa kansainv\u00e4list\u00e4 s\u00e4\u00e4ntely\u00e4.\u00a0\u00a0\u00a0<\/span><\/p>\n<p><span style=\"font-weight: 400;\">Haluan edist\u00e4\u00e4 rikkaampaa kulttuurista ja biologista monimuotoisuutta, innovatiivista talousel\u00e4m\u00e4\u00e4, sujuvampia julkisia liikenneyhteyksi\u00e4 sek\u00e4 puhtaampia ja hauskempia virtavesi\u00e4.\u00a0<\/span><\/p>\n<p><em>&#8221;For smoother public transportation, more diversity and more fun streams &amp; rivers&#8221;<\/em><\/p>\n<p><span style=\"font-weight: 400;\">49 y. <\/span><span style=\"font-weight: 400;\">I work with green transition and digitalisation of transportation and logistics as well as reducing risks of maritime traffic. I have contributed to changing the global regulation of air pollution and sewage from ships, as well as regional work on protection of the Baltic Sea marine environment.\u00a0<\/span><\/p>\n<p><span style=\"font-weight: 400;\">I want to work for a richer cultural and biological diversity, more innovative economy, smoother public transportation as well as cleaner and fun streams and rivers.<\/span><\/p>\n","protected":false},"excerpt":{"rendered":"<p>FD (milj\u00f6vetenskaper) , internationell tj\u00e4nsteman, seglare FT (ymp\u00e4rist\u00f6tieteet) , kv. virkamies, purjehtija PhD (environmental sciences), international civil servant, sailor &#8221;F\u00f6r smidigare kollektivtrafik, mera diversitet och roligare vattendrag&#8221; 49 \u00e5r. Jobbar med gr\u00f6n omst\u00e4llning och digitalisering\u00a0 inom transport och logistik samt f\u00f6r att minska sj\u00f6fartens risker. Jag har varit med om att \u00e4ndra det globala regelverket [&hellip;]<\/p>\n","protected":false},"author":633,"featured_media":0,"parent":582,"menu_order":1,"comment_status":"closed","ping_status":"closed","template":"","meta":{"footnotes":""},"class_list":["post-613","page","type-page","status-publish","hentry"],"_links":{"self":[{"href":"https:\/\/yhdistykset.vihreat.fi\/raaseporin.vihreat\/wp-json\/wp\/v2\/pages\/613","targetHints":{"allow":["GET"]}}],"collection":[{"href":"https:\/\/yhdistykset.vihreat.fi\/raaseporin.vihreat\/wp-json\/wp\/v2\/pages"}],"about":[{"href":"https:\/\/yhdistykset.vihreat.fi\/raaseporin.vihreat\/wp-json\/wp\/v2\/types\/page"}],"author":[{"embeddable":true,"href":"https:\/\/yhdistykset.vihreat.fi\/raaseporin.vihreat\/wp-json\/wp\/v2\/users\/633"}],"replies":[{"embeddable":true,"href":"https:\/\/yhdistykset.vihreat.fi\/raaseporin.vihreat\/wp-json\/wp\/v2\/comments?post=613"}],"version-history":[{"count":10,"href":"https:\/\/yhdistykset.vihreat.fi\/raaseporin.vihreat\/wp-json\/wp\/v2\/pages\/613\/revisions"}],"predecessor-version":[{"id":735,"href":"https:\/\/yhdistykset.vihreat.fi\/raaseporin.vihreat\/wp-json\/wp\/v2\/pages\/613\/revisions\/735"}],"up":[{"embeddable":true,"href":"https:\/\/yhdistykset.vihreat.fi\/raaseporin.vihreat\/wp-json\/wp\/v2\/pages\/582"}],"wp:attachment":[{"href":"https:\/\/yhdistykset.vihreat.fi\/raaseporin.vihreat\/wp-json\/wp\/v2\/media?parent=613"}],"curies":[{"name":"wp","href":"https:\/\/api.w.org\/{rel}","templated":true}]}}