{"id":629,"date":"2025-03-21T13:50:19","date_gmt":"2025-03-21T11:50:19","guid":{"rendered":"https:\/\/yhdistykset.vihreat.fi\/raaseporin.vihreat\/?page_id=629"},"modified":"2025-04-01T21:10:12","modified_gmt":"2025-04-01T18:10:12","slug":"ira-donner","status":"publish","type":"page","link":"https:\/\/yhdistykset.vihreat.fi\/raaseporin.vihreat\/vaalit-val-2025\/ehdokkaat-2025-kandidater-2025\/ira-donner\/","title":{"rendered":"Ira Donner"},"content":{"rendered":"<p><img loading=\"lazy\" decoding=\"async\" class=\"alignnone size-full wp-image-630\" src=\"https:\/\/yhdistykset.vihreat.fi\/raaseporin.vihreat\/files\/2025\/03\/ira.png\" alt=\"\" width=\"250\" height=\"313\" srcset=\"https:\/\/yhdistykset.vihreat.fi\/raaseporin.vihreat\/files\/2025\/03\/ira.png 250w, https:\/\/yhdistykset.vihreat.fi\/raaseporin.vihreat\/files\/2025\/03\/ira-120x150.png 120w\" sizes=\"auto, (max-width: 250px) 100vw, 250px\" \/><\/p>\n<p><strong>FM, Pension\u00e4r, Emmausaktivist<\/strong><br \/>\n<strong>El\u00e4kel\u00e4inen, Emmausaktivisti<\/strong><\/p>\n<p>Snart 40 \u00e5r i fullm\u00e4ktige.\u00a0F.d. l\u00e4rare med fyra barn och \u00e5tta barnbarn, engagerad i skolfr\u00e5gor.<\/p>\n<p>F\u00f6reningsaktiv i Emmaus med sin viktiga lokala och globala verksamhet, i Kulturhuset Karelia- kulturverksamhet \u00e4r idag viktigare \u00e4n n\u00e5nsin, i Eken\u00e4s Vinterbadare,<\/p>\n<p>Yogar, slukar b\u00f6cker. \u00c4lskar bibliotek och v\u00e5ra tv\u00e5 fina gamla biografer!<\/p>\n<p>Varf\u00f6r st\u00e4ller jag upp \u2013 igen? Ja, det finns s\u00e5 mycket kvar att g\u00f6ra!<strong>\u00a0<\/strong>40 \u00e5r som beslutsfattare i kommunalpolitiken har inte r\u00e4ckt till. Jag har l\u00e4rt mej v\u00e5r kommun &#8211;\u00a0 beslutsfattande, boende, arbete, skolor, fritid. Jag har l\u00e4rt mej att samarbeta och att alltid s\u00e4tta mej in i saker. Att vara envis och fr\u00e5ga. Att kompromissa. Men i milj\u00f6fr\u00e5gor lovade jag mej sj\u00e4lv &#8211; och andra &#8211; att jag inte kompromissar.\u00a0Och det finns, som sagt, s\u00e5 mycket kvar att g\u00f6ra!<\/p>\n<p><strong>\u00a0***<\/strong><\/p>\n<p>L\u00e4hes 40 vuotta valtuustossa.\u00a0Entinen opettaja, nelj\u00e4n lapsen \u00e4iti ja kahdeksan lapsenlapsen iso\u00e4iti.<\/p>\n<p>Olen yhdistysaktiivi Emmauksessa, joka tekee t\u00e4rke\u00e4\u00e4 paikallista ja globaalia ty\u00f6t\u00e4. Mukana my\u00f6s Kulttuuritalo Karelian hallituksessa \u2013 kulttuuritoiminta on t\u00e4n\u00e4 p\u00e4iv\u00e4n\u00e4 t\u00e4rke\u00e4mp\u00e4\u00e4 kuin koskaan \u2013 sek\u00e4 Eken\u00e4s Vinterbadare -yhdistyksess\u00e4.<\/p>\n<p>Harrastan joogaa, ahmin kirjoja. Rakastan kirjastoja ja kahta hienoa vanhaa elokuvateatteriamme!<\/p>\n<p>Miksi asetun ehdolle \u2013 taas? Koska niin paljon on viel\u00e4 teht\u00e4v\u00e4\u00e4! 40 vuotta p\u00e4\u00e4t\u00f6ksentekij\u00e4n\u00e4 kunnallispolitiikassa ei ole riitt\u00e4nyt. Olen oppinut tuntemaan kuntamme \u2013 p\u00e4\u00e4t\u00f6ksenteon, asumisen, ty\u00f6n, koulut, vapaa-ajan. Olen oppinut tekem\u00e4\u00e4n yhteisty\u00f6t\u00e4 ja ottamaan asioista selv\u00e4\u00e4 sek\u00e4 olemaan sinnik\u00e4s ja kysym\u00e4\u00e4n. Osaan tehd\u00e4 kompromisseja, mutta ymp\u00e4rist\u00f6kysymyksiss\u00e4 olen luvannut itselleni \u2013 ja muille \u2013 etten tee kompromisseja. Ja kuten sanottu, niin paljon on viel\u00e4 teht\u00e4v\u00e4\u00e4!<\/p>\n<p>&nbsp;<\/p>\n","protected":false},"excerpt":{"rendered":"<p>FM, Pension\u00e4r, Emmausaktivist El\u00e4kel\u00e4inen, Emmausaktivisti Snart 40 \u00e5r i fullm\u00e4ktige.\u00a0F.d. l\u00e4rare med fyra barn och \u00e5tta barnbarn, engagerad i skolfr\u00e5gor. F\u00f6reningsaktiv i Emmaus med sin viktiga lokala och globala verksamhet, i Kulturhuset Karelia- kulturverksamhet \u00e4r idag viktigare \u00e4n n\u00e5nsin, i Eken\u00e4s Vinterbadare, Yogar, slukar b\u00f6cker. \u00c4lskar bibliotek och v\u00e5ra tv\u00e5 fina gamla biografer! Varf\u00f6r st\u00e4ller [&hellip;]<\/p>\n","protected":false},"author":633,"featured_media":0,"parent":582,"menu_order":2,"comment_status":"closed","ping_status":"closed","template":"","meta":{"footnotes":""},"class_list":["post-629","page","type-page","status-publish","hentry"],"_links":{"self":[{"href":"https:\/\/yhdistykset.vihreat.fi\/raaseporin.vihreat\/wp-json\/wp\/v2\/pages\/629","targetHints":{"allow":["GET"]}}],"collection":[{"href":"https:\/\/yhdistykset.vihreat.fi\/raaseporin.vihreat\/wp-json\/wp\/v2\/pages"}],"about":[{"href":"https:\/\/yhdistykset.vihreat.fi\/raaseporin.vihreat\/wp-json\/wp\/v2\/types\/page"}],"author":[{"embeddable":true,"href":"https:\/\/yhdistykset.vihreat.fi\/raaseporin.vihreat\/wp-json\/wp\/v2\/users\/633"}],"replies":[{"embeddable":true,"href":"https:\/\/yhdistykset.vihreat.fi\/raaseporin.vihreat\/wp-json\/wp\/v2\/comments?post=629"}],"version-history":[{"count":5,"href":"https:\/\/yhdistykset.vihreat.fi\/raaseporin.vihreat\/wp-json\/wp\/v2\/pages\/629\/revisions"}],"predecessor-version":[{"id":800,"href":"https:\/\/yhdistykset.vihreat.fi\/raaseporin.vihreat\/wp-json\/wp\/v2\/pages\/629\/revisions\/800"}],"up":[{"embeddable":true,"href":"https:\/\/yhdistykset.vihreat.fi\/raaseporin.vihreat\/wp-json\/wp\/v2\/pages\/582"}],"wp:attachment":[{"href":"https:\/\/yhdistykset.vihreat.fi\/raaseporin.vihreat\/wp-json\/wp\/v2\/media?parent=629"}],"curies":[{"name":"wp","href":"https:\/\/api.w.org\/{rel}","templated":true}]}}