{"id":678,"date":"2025-03-21T13:42:20","date_gmt":"2025-03-21T11:42:20","guid":{"rendered":"https:\/\/yhdistykset.vihreat.fi\/raaseporin.vihreat\/?page_id=678"},"modified":"2025-03-21T13:42:20","modified_gmt":"2025-03-21T11:42:20","slug":"jaakko-poytaniemi","status":"publish","type":"page","link":"https:\/\/yhdistykset.vihreat.fi\/raaseporin.vihreat\/vaalit-val-2025\/ehdokkaat-2025-kandidater-2025\/jaakko-poytaniemi\/","title":{"rendered":"Jaakko P\u00f6yt\u00e4niemi"},"content":{"rendered":"<p><img loading=\"lazy\" decoding=\"async\" class=\"alignnone size-full wp-image-680\" src=\"https:\/\/yhdistykset.vihreat.fi\/raaseporin.vihreat\/files\/2025\/03\/jaakko.png\" alt=\"Jaakko P\u00f6yt\u00e4niemi\" width=\"250\" height=\"313\" srcset=\"https:\/\/yhdistykset.vihreat.fi\/raaseporin.vihreat\/files\/2025\/03\/jaakko.png 250w, https:\/\/yhdistykset.vihreat.fi\/raaseporin.vihreat\/files\/2025\/03\/jaakko-120x150.png 120w\" sizes=\"auto, (max-width: 250px) 100vw, 250px\" \/><\/p>\n<p><strong>Arkkitehti, yritt\u00e4j\u00e4<\/strong><br \/>\n<strong>Arkitekt, f\u00f6retagare<\/strong><\/p>\n<p><em>&#8221;Kaupunki, jossa luonto, ihmiset ja yritt\u00e4jyys kukoistavat&#8221;<\/em><\/p>\n<p><span style=\"font-weight: 400;\">Pid\u00e4tk\u00f6 toimivasta kunnasta, kulttuuriel\u00e4m\u00e4st\u00e4, taiteesta, puhtaasta ymp\u00e4rist\u00f6st\u00e4 ja luonnosta? Kaikille n\u00e4m\u00e4 tarkoittavat eri asioita, mutta ovat peruspilareita, jotka tekev\u00e4t alueesta mielekk\u00e4\u00e4n, arvomaailmaani sopivan asuinpaikan. Moni asia toteutuu Raaseporissa jo hyvin ja onkin t\u00e4rke\u00e4\u00e4 yll\u00e4pit\u00e4\u00e4 ja kehitt\u00e4\u00e4 toimivia ratkaisuja edelleen.<\/span><\/p>\n<p><span style=\"font-weight: 400;\">Olen arkkitehti, yritt\u00e4j\u00e4 ja minulla on kaksi Siperianhuskya, joiden kanssa retkeilen ja harrastan. Olen kiinnostunut ekologisesta ja kest\u00e4v\u00e4st\u00e4 rakentamisesta ja minulle on t\u00e4rke\u00e4\u00e4, ett\u00e4 voin ty\u00f6ss\u00e4ni toteuttaa omaa arvomaailmaani. T\u00e4rke\u00e4\u00e4 on my\u00f6s n\u00e4hd\u00e4, ett\u00e4 t\u00e4m\u00e4 sama mahdollisuus toteutuu kaikille muille.<\/span><\/p>\n<p><em>&#8221;En stad d\u00e4r natur, m\u00e4nniskor och entrepren\u00f6rskap frodas&#8221;<\/em><\/p>\n<p><span style=\"font-weight: 400;\">Gillar du en v\u00e4lfungerande kommun, kulturliv, konst, en ren milj\u00f6 och naturen? F\u00f6r alla betyder dessa olika saker, men de \u00e4r grundpelare som g\u00f6r en region meningsfull och till en plats att bo p\u00e5 som passar min v\u00e4rdegrund. Mycket fungerar redan bra i Raseborg, och det \u00e4r viktigt att uppr\u00e4tth\u00e5lla och vidareutveckla fungerande l\u00f6sningar.<\/span><\/p>\n<p><span style=\"font-weight: 400;\">Jag \u00e4r arkitekt, f\u00f6retagare och har tv\u00e5 sibiriska huskyer, som jag vandrar och tr\u00e4nar med. Jag \u00e4r intresserad av ekologiskt och h\u00e5llbart byggande, och det \u00e4r viktigt f\u00f6r mig att kunna f\u00f6rverkliga min v\u00e4rdegrund i mitt arbete. Det \u00e4r ocks\u00e5 viktigt att se att denna m\u00f6jlighet finns f\u00f6r alla.<\/span><\/p>\n","protected":false},"excerpt":{"rendered":"<p>Arkkitehti, yritt\u00e4j\u00e4 Arkitekt, f\u00f6retagare &#8221;Kaupunki, jossa luonto, ihmiset ja yritt\u00e4jyys kukoistavat&#8221; Pid\u00e4tk\u00f6 toimivasta kunnasta, kulttuuriel\u00e4m\u00e4st\u00e4, taiteesta, puhtaasta ymp\u00e4rist\u00f6st\u00e4 ja luonnosta? Kaikille n\u00e4m\u00e4 tarkoittavat eri asioita, mutta ovat peruspilareita, jotka tekev\u00e4t alueesta mielekk\u00e4\u00e4n, arvomaailmaani sopivan asuinpaikan. Moni asia toteutuu Raaseporissa jo hyvin ja onkin t\u00e4rke\u00e4\u00e4 yll\u00e4pit\u00e4\u00e4 ja kehitt\u00e4\u00e4 toimivia ratkaisuja edelleen. Olen arkkitehti, yritt\u00e4j\u00e4 ja minulla [&hellip;]<\/p>\n","protected":false},"author":633,"featured_media":0,"parent":582,"menu_order":10,"comment_status":"closed","ping_status":"closed","template":"","meta":{"footnotes":""},"class_list":["post-678","page","type-page","status-publish","hentry"],"_links":{"self":[{"href":"https:\/\/yhdistykset.vihreat.fi\/raaseporin.vihreat\/wp-json\/wp\/v2\/pages\/678","targetHints":{"allow":["GET"]}}],"collection":[{"href":"https:\/\/yhdistykset.vihreat.fi\/raaseporin.vihreat\/wp-json\/wp\/v2\/pages"}],"about":[{"href":"https:\/\/yhdistykset.vihreat.fi\/raaseporin.vihreat\/wp-json\/wp\/v2\/types\/page"}],"author":[{"embeddable":true,"href":"https:\/\/yhdistykset.vihreat.fi\/raaseporin.vihreat\/wp-json\/wp\/v2\/users\/633"}],"replies":[{"embeddable":true,"href":"https:\/\/yhdistykset.vihreat.fi\/raaseporin.vihreat\/wp-json\/wp\/v2\/comments?post=678"}],"version-history":[{"count":2,"href":"https:\/\/yhdistykset.vihreat.fi\/raaseporin.vihreat\/wp-json\/wp\/v2\/pages\/678\/revisions"}],"predecessor-version":[{"id":737,"href":"https:\/\/yhdistykset.vihreat.fi\/raaseporin.vihreat\/wp-json\/wp\/v2\/pages\/678\/revisions\/737"}],"up":[{"embeddable":true,"href":"https:\/\/yhdistykset.vihreat.fi\/raaseporin.vihreat\/wp-json\/wp\/v2\/pages\/582"}],"wp:attachment":[{"href":"https:\/\/yhdistykset.vihreat.fi\/raaseporin.vihreat\/wp-json\/wp\/v2\/media?parent=678"}],"curies":[{"name":"wp","href":"https:\/\/api.w.org\/{rel}","templated":true}]}}