{"id":704,"date":"2025-03-21T13:35:04","date_gmt":"2025-03-21T11:35:04","guid":{"rendered":"https:\/\/yhdistykset.vihreat.fi\/raaseporin.vihreat\/?page_id=704"},"modified":"2025-03-21T13:35:04","modified_gmt":"2025-03-21T11:35:04","slug":"suvi-sjoblom","status":"publish","type":"page","link":"https:\/\/yhdistykset.vihreat.fi\/raaseporin.vihreat\/vaalit-val-2025\/ehdokkaat-2025-kandidater-2025\/suvi-sjoblom\/","title":{"rendered":"Suvi Sj\u00f6blom"},"content":{"rendered":"<p><img loading=\"lazy\" decoding=\"async\" class=\"alignnone size-full wp-image-697\" src=\"https:\/\/yhdistykset.vihreat.fi\/raaseporin.vihreat\/files\/2025\/03\/suvi.png\" alt=\"Suvi Sj\u00f6blom\" width=\"250\" height=\"313\" srcset=\"https:\/\/yhdistykset.vihreat.fi\/raaseporin.vihreat\/files\/2025\/03\/suvi.png 250w, https:\/\/yhdistykset.vihreat.fi\/raaseporin.vihreat\/files\/2025\/03\/suvi-120x150.png 120w\" sizes=\"auto, (max-width: 250px) 100vw, 250px\" \/><\/p>\n<p><strong>Yritt\u00e4j\u00e4, toimittaja<\/strong><br \/>\n<strong>F\u00f6retagare, journalist<\/strong><\/p>\n<p><span style=\"font-weight: 400;\">Haluan rakentaa kest\u00e4v\u00e4\u00e4, oikeudenmukaista ja inhimillist\u00e4 yhteiskuntaa. Erityisen t\u00e4rke\u00e4n\u00e4 pid\u00e4n lasten ja nuorten hyvinvointia \u2013 jokaisella tulee olla oikeus turvalliseen kasvuymp\u00e4rist\u00f6\u00f6n, laadukkaaseen ja yksil\u00f6llisi\u00e4 erityistarpeita huomioivaan koulutukseen sek\u00e4 ennaltaehk\u00e4iseviin ja tukitoiminnallisiin mielenterveyspalveluihin. Nykyisen hallituksen toteuttama eriarvoistava ja k\u00f6yhyytt\u00e4 lis\u00e4\u00e4v\u00e4\u00e4 politiikka sotii arvojani vastaan. Haluan olla varmistamassa, ett\u00e4 niin Raaseporissa kuin L\u00e4nsi-Uudellamaallakin heikoimmista huolehditaan ja k\u00f6yhyytt\u00e4 torjutaan. My\u00f6s ymp\u00e4rist\u00f6kysymykset, luonnonsuojelu, el\u00e4inten oikeuksien puolustaminen sek\u00e4 pk-yritt\u00e4jyyden tukeminen ovat itselleni t\u00e4rkeit\u00e4 vaaliteemoja.<\/span><\/p>\n","protected":false},"excerpt":{"rendered":"<p>Yritt\u00e4j\u00e4, toimittaja F\u00f6retagare, journalist Haluan rakentaa kest\u00e4v\u00e4\u00e4, oikeudenmukaista ja inhimillist\u00e4 yhteiskuntaa. Erityisen t\u00e4rke\u00e4n\u00e4 pid\u00e4n lasten ja nuorten hyvinvointia \u2013 jokaisella tulee olla oikeus turvalliseen kasvuymp\u00e4rist\u00f6\u00f6n, laadukkaaseen ja yksil\u00f6llisi\u00e4 erityistarpeita huomioivaan koulutukseen sek\u00e4 ennaltaehk\u00e4iseviin ja tukitoiminnallisiin mielenterveyspalveluihin. Nykyisen hallituksen toteuttama eriarvoistava ja k\u00f6yhyytt\u00e4 lis\u00e4\u00e4v\u00e4\u00e4 politiikka sotii arvojani vastaan. Haluan olla varmistamassa, ett\u00e4 niin Raaseporissa kuin L\u00e4nsi-Uudellamaallakin [&hellip;]<\/p>\n","protected":false},"author":633,"featured_media":0,"parent":582,"menu_order":13,"comment_status":"closed","ping_status":"closed","template":"","meta":{"footnotes":""},"class_list":["post-704","page","type-page","status-publish","hentry"],"_links":{"self":[{"href":"https:\/\/yhdistykset.vihreat.fi\/raaseporin.vihreat\/wp-json\/wp\/v2\/pages\/704","targetHints":{"allow":["GET"]}}],"collection":[{"href":"https:\/\/yhdistykset.vihreat.fi\/raaseporin.vihreat\/wp-json\/wp\/v2\/pages"}],"about":[{"href":"https:\/\/yhdistykset.vihreat.fi\/raaseporin.vihreat\/wp-json\/wp\/v2\/types\/page"}],"author":[{"embeddable":true,"href":"https:\/\/yhdistykset.vihreat.fi\/raaseporin.vihreat\/wp-json\/wp\/v2\/users\/633"}],"replies":[{"embeddable":true,"href":"https:\/\/yhdistykset.vihreat.fi\/raaseporin.vihreat\/wp-json\/wp\/v2\/comments?post=704"}],"version-history":[{"count":2,"href":"https:\/\/yhdistykset.vihreat.fi\/raaseporin.vihreat\/wp-json\/wp\/v2\/pages\/704\/revisions"}],"predecessor-version":[{"id":731,"href":"https:\/\/yhdistykset.vihreat.fi\/raaseporin.vihreat\/wp-json\/wp\/v2\/pages\/704\/revisions\/731"}],"up":[{"embeddable":true,"href":"https:\/\/yhdistykset.vihreat.fi\/raaseporin.vihreat\/wp-json\/wp\/v2\/pages\/582"}],"wp:attachment":[{"href":"https:\/\/yhdistykset.vihreat.fi\/raaseporin.vihreat\/wp-json\/wp\/v2\/media?parent=704"}],"curies":[{"name":"wp","href":"https:\/\/api.w.org\/{rel}","templated":true}]}}