{"id":707,"date":"2025-03-21T13:34:27","date_gmt":"2025-03-21T11:34:27","guid":{"rendered":"https:\/\/yhdistykset.vihreat.fi\/raaseporin.vihreat\/?page_id=707"},"modified":"2025-04-07T13:33:01","modified_gmt":"2025-04-07T10:33:01","slug":"fanni-sundell","status":"publish","type":"page","link":"https:\/\/yhdistykset.vihreat.fi\/raaseporin.vihreat\/vaalit-val-2025\/ehdokkaat-2025-kandidater-2025\/fanni-sundell\/","title":{"rendered":"Fanni Sundell"},"content":{"rendered":"<p><img loading=\"lazy\" decoding=\"async\" class=\"alignnone size-full wp-image-695\" src=\"https:\/\/yhdistykset.vihreat.fi\/raaseporin.vihreat\/files\/2025\/03\/fanni.png\" alt=\"Fanni Sundell\" width=\"250\" height=\"313\" srcset=\"https:\/\/yhdistykset.vihreat.fi\/raaseporin.vihreat\/files\/2025\/03\/fanni.png 250w, https:\/\/yhdistykset.vihreat.fi\/raaseporin.vihreat\/files\/2025\/03\/fanni-120x150.png 120w\" sizes=\"auto, (max-width: 250px) 100vw, 250px\" \/><\/p>\n<p><strong>N\u00e4rv\u00e5rdare \/ socionom YH<\/strong><br \/>\n<strong>L\u00e4hihoitaja \/ sosionomi AK<\/strong><\/p>\n<p>En kreativ tv\u00e5barnsmamma p\u00e5 st\u00e4ndig jakt efter nya utmaningar. Jobbat som n\u00e4rv\u00e5rdare i m\u00e5nga \u00e5r och sett konsekvenser av s\u00e4mre beslut p\u00e5 gr\u00e4srotsniv\u00e5. Jobbar som b\u00e4st som projektansvarig f\u00f6r projektet Socialt h\u00e5llbar yrkesutbildning i Axxell.<\/p>\n<p>Vi m\u00e5ste samarbeta f\u00f6r en b\u00e4ttre framtid, vi kommer ingen vart om vi drar \u00e5t olika h\u00e5ll. Med samlade krafter kommer vi fram\u00e5t.<\/p>\n<p>Brinner f\u00f6r, barn, unga och familjens v\u00e4lm\u00e5ende. Alla har r\u00e4tt till en trygg barndom.<\/p>\n<p>***<\/p>\n<p>Luova kahden lapsen \u00e4iti, joka etsii jatkuvasti uusia haasteita. Olen tehnyt t\u00f6it\u00e4 l\u00e4hihoitajana monia vuosia ja n\u00e4hnyt huonompien p\u00e4\u00e4t\u00f6sten seuraukset ruohonjuuritasolla. Ty\u00f6skentelen t\u00e4ll\u00e4 hetkell\u00e4 hankep\u00e4\u00e4llikk\u00f6n\u00e4 sosiaalisesti kest\u00e4v\u00e4n ammatillisen koulutuksen hankkeessa Axxellissa.<\/p>\n<p>Meid\u00e4n t\u00e4ytyy tehd\u00e4 yhdess\u00e4 t\u00f6it\u00e4 paremman tulevaisuuden eteen. Emme p\u00e4\u00e4se eteenp\u00e4in, jos emme kulje samaan suuntaan. Vain yhteisvoimin p\u00e4\u00e4semme m\u00e4\u00e4r\u00e4np\u00e4\u00e4h\u00e4n.<\/p>\n<p>Suhtaudun intohimoisesti lasten, nuorten ja perheiden hyvinvointiin. Kaikilla on oikeus turvalliseen lapsuuteen.<\/p>\n","protected":false},"excerpt":{"rendered":"<p>N\u00e4rv\u00e5rdare \/ socionom YH L\u00e4hihoitaja \/ sosionomi AK En kreativ tv\u00e5barnsmamma p\u00e5 st\u00e4ndig jakt efter nya utmaningar. Jobbat som n\u00e4rv\u00e5rdare i m\u00e5nga \u00e5r och sett konsekvenser av s\u00e4mre beslut p\u00e5 gr\u00e4srotsniv\u00e5. Jobbar som b\u00e4st som projektansvarig f\u00f6r projektet Socialt h\u00e5llbar yrkesutbildning i Axxell. Vi m\u00e5ste samarbeta f\u00f6r en b\u00e4ttre framtid, vi kommer ingen vart om [&hellip;]<\/p>\n","protected":false},"author":633,"featured_media":0,"parent":582,"menu_order":15,"comment_status":"closed","ping_status":"closed","template":"","meta":{"footnotes":""},"class_list":["post-707","page","type-page","status-publish","hentry"],"_links":{"self":[{"href":"https:\/\/yhdistykset.vihreat.fi\/raaseporin.vihreat\/wp-json\/wp\/v2\/pages\/707","targetHints":{"allow":["GET"]}}],"collection":[{"href":"https:\/\/yhdistykset.vihreat.fi\/raaseporin.vihreat\/wp-json\/wp\/v2\/pages"}],"about":[{"href":"https:\/\/yhdistykset.vihreat.fi\/raaseporin.vihreat\/wp-json\/wp\/v2\/types\/page"}],"author":[{"embeddable":true,"href":"https:\/\/yhdistykset.vihreat.fi\/raaseporin.vihreat\/wp-json\/wp\/v2\/users\/633"}],"replies":[{"embeddable":true,"href":"https:\/\/yhdistykset.vihreat.fi\/raaseporin.vihreat\/wp-json\/wp\/v2\/comments?post=707"}],"version-history":[{"count":6,"href":"https:\/\/yhdistykset.vihreat.fi\/raaseporin.vihreat\/wp-json\/wp\/v2\/pages\/707\/revisions"}],"predecessor-version":[{"id":806,"href":"https:\/\/yhdistykset.vihreat.fi\/raaseporin.vihreat\/wp-json\/wp\/v2\/pages\/707\/revisions\/806"}],"up":[{"embeddable":true,"href":"https:\/\/yhdistykset.vihreat.fi\/raaseporin.vihreat\/wp-json\/wp\/v2\/pages\/582"}],"wp:attachment":[{"href":"https:\/\/yhdistykset.vihreat.fi\/raaseporin.vihreat\/wp-json\/wp\/v2\/media?parent=707"}],"curies":[{"name":"wp","href":"https:\/\/api.w.org\/{rel}","templated":true}]}}