{"id":710,"date":"2025-03-21T13:33:40","date_gmt":"2025-03-21T11:33:40","guid":{"rendered":"https:\/\/yhdistykset.vihreat.fi\/raaseporin.vihreat\/?page_id=710"},"modified":"2025-03-21T13:33:40","modified_gmt":"2025-03-21T11:33:40","slug":"sami-tuohimaa","status":"publish","type":"page","link":"https:\/\/yhdistykset.vihreat.fi\/raaseporin.vihreat\/vaalit-val-2025\/ehdokkaat-2025-kandidater-2025\/sami-tuohimaa\/","title":{"rendered":"Sami Tuohimaa"},"content":{"rendered":"<p><img loading=\"lazy\" decoding=\"async\" class=\"alignnone size-full wp-image-694\" src=\"https:\/\/yhdistykset.vihreat.fi\/raaseporin.vihreat\/files\/2025\/03\/sami.png\" alt=\"Sami Tuohimaa\" width=\"250\" height=\"313\" srcset=\"https:\/\/yhdistykset.vihreat.fi\/raaseporin.vihreat\/files\/2025\/03\/sami.png 250w, https:\/\/yhdistykset.vihreat.fi\/raaseporin.vihreat\/files\/2025\/03\/sami-120x150.png 120w\" sizes=\"auto, (max-width: 250px) 100vw, 250px\" \/><\/p>\n<p><strong>Ty\u00f6t\u00f6n, sepp\u00e4<\/strong><\/p>\n<p><em><span style=\"font-weight: 400;\">&#8221;Yst\u00e4vyys antaa&#8221;<\/span><\/em><\/p>\n<p><span style=\"font-weight: 400;\">49-vuotias, <\/span><span style=\"font-weight: 400;\">uusi tulokas politiikassa.\u00a0<\/span><\/p>\n<p><span style=\"font-weight: 400;\">Luonnossa liikkuva luontoa suojeleva kulkija.\u00a0 T\u00e4ll\u00e4 hetkell\u00e4 ty\u00f6t\u00f6n, ammatiltani Sepp\u00e4.<\/span><\/p>\n<p><span style=\"font-weight: 400;\">Kaiken perustana ihminen ihmiselle kaikilla tasoilla. Maailma tarvii enemm\u00e4n girl powerii.<\/span><\/p>\n<p><span style=\"font-weight: 400;\">Joukkoliikennett\u00e4 ja kevyenliikenteenteen mahdollisuuksia on lis\u00e4tt\u00e4v\u00e4 nykytasosta.\u00a0<\/span><\/p>\n<p><span style=\"font-weight: 400;\">My\u00f6s kunnan metsien suojelussa\u00a0 parannettavaa.\u00a0<\/span><\/p>\n<p><span style=\"font-weight: 400;\">Eriarvoistumista ei pid\u00e4 edist\u00e4\u00e4 politiikalla.<\/span><\/p>\n<p><span style=\"font-weight: 400;\">Vaan p\u00e4invastoin.<\/span><\/p>\n","protected":false},"excerpt":{"rendered":"<p>Ty\u00f6t\u00f6n, sepp\u00e4 &#8221;Yst\u00e4vyys antaa&#8221; 49-vuotias, uusi tulokas politiikassa.\u00a0 Luonnossa liikkuva luontoa suojeleva kulkija.\u00a0 T\u00e4ll\u00e4 hetkell\u00e4 ty\u00f6t\u00f6n, ammatiltani Sepp\u00e4. Kaiken perustana ihminen ihmiselle kaikilla tasoilla. Maailma tarvii enemm\u00e4n girl powerii. Joukkoliikennett\u00e4 ja kevyenliikenteenteen mahdollisuuksia on lis\u00e4tt\u00e4v\u00e4 nykytasosta.\u00a0 My\u00f6s kunnan metsien suojelussa\u00a0 parannettavaa.\u00a0 Eriarvoistumista ei pid\u00e4 edist\u00e4\u00e4 politiikalla. Vaan p\u00e4invastoin.<\/p>\n","protected":false},"author":633,"featured_media":0,"parent":582,"menu_order":16,"comment_status":"closed","ping_status":"closed","template":"","meta":{"footnotes":""},"class_list":["post-710","page","type-page","status-publish","hentry"],"_links":{"self":[{"href":"https:\/\/yhdistykset.vihreat.fi\/raaseporin.vihreat\/wp-json\/wp\/v2\/pages\/710","targetHints":{"allow":["GET"]}}],"collection":[{"href":"https:\/\/yhdistykset.vihreat.fi\/raaseporin.vihreat\/wp-json\/wp\/v2\/pages"}],"about":[{"href":"https:\/\/yhdistykset.vihreat.fi\/raaseporin.vihreat\/wp-json\/wp\/v2\/types\/page"}],"author":[{"embeddable":true,"href":"https:\/\/yhdistykset.vihreat.fi\/raaseporin.vihreat\/wp-json\/wp\/v2\/users\/633"}],"replies":[{"embeddable":true,"href":"https:\/\/yhdistykset.vihreat.fi\/raaseporin.vihreat\/wp-json\/wp\/v2\/comments?post=710"}],"version-history":[{"count":3,"href":"https:\/\/yhdistykset.vihreat.fi\/raaseporin.vihreat\/wp-json\/wp\/v2\/pages\/710\/revisions"}],"predecessor-version":[{"id":729,"href":"https:\/\/yhdistykset.vihreat.fi\/raaseporin.vihreat\/wp-json\/wp\/v2\/pages\/710\/revisions\/729"}],"up":[{"embeddable":true,"href":"https:\/\/yhdistykset.vihreat.fi\/raaseporin.vihreat\/wp-json\/wp\/v2\/pages\/582"}],"wp:attachment":[{"href":"https:\/\/yhdistykset.vihreat.fi\/raaseporin.vihreat\/wp-json\/wp\/v2\/media?parent=710"}],"curies":[{"name":"wp","href":"https:\/\/api.w.org\/{rel}","templated":true}]}}