{"id":713,"date":"2025-03-21T13:29:29","date_gmt":"2025-03-21T11:29:29","guid":{"rendered":"https:\/\/yhdistykset.vihreat.fi\/raaseporin.vihreat\/?page_id=713"},"modified":"2025-03-21T13:29:29","modified_gmt":"2025-03-21T11:29:29","slug":"paivi-viitanen","status":"publish","type":"page","link":"https:\/\/yhdistykset.vihreat.fi\/raaseporin.vihreat\/vaalit-val-2025\/ehdokkaat-2025-kandidater-2025\/paivi-viitanen\/","title":{"rendered":"P\u00e4ivi Viitanen"},"content":{"rendered":"<p><img loading=\"lazy\" decoding=\"async\" class=\"alignnone size-full wp-image-693\" src=\"https:\/\/yhdistykset.vihreat.fi\/raaseporin.vihreat\/files\/2025\/03\/paivi-v.png\" alt=\"P\u00e4ivi Viitanen\" width=\"250\" height=\"313\" srcset=\"https:\/\/yhdistykset.vihreat.fi\/raaseporin.vihreat\/files\/2025\/03\/paivi-v.png 250w, https:\/\/yhdistykset.vihreat.fi\/raaseporin.vihreat\/files\/2025\/03\/paivi-v-120x150.png 120w\" sizes=\"auto, (max-width: 250px) 100vw, 250px\" \/><\/p>\n<p><strong>Kanttori, l\u00e4hihoitaja<\/strong><br \/>\n<strong>Kantor, n\u00e4rv\u00e5rdare<\/strong><\/p>\n<p><em>&#8221;Inhimillisyytt\u00e4 p\u00e4\u00e4t\u00f6ksentekoon&#8221;<\/em><\/p>\n<p><span style=\"font-weight: 400;\">Olen Vihreiden ehdokkaana oleva raaseporilainen muusikko. Toimin t\u00e4ll\u00e4 hetkell\u00e4 kanttorina, mutta olen koulutukseltani my\u00f6s l\u00e4hihoitaja ja jalkojenhoidon at. Historiastani l\u00f6ytyy my\u00f6s parinkymmenen vuoden yritt\u00e4jyys sek\u00e4 vuosien omaishoitajana toimiminen.<\/span><\/p>\n<p><span style=\"font-weight: 400;\">Se mit\u00e4 teen, teen suurella syd\u00e4mell\u00e4 ja intohimolla. Olen el\u00e4inoikeusaktivisti ja pyrin toimimaan aina heikompiosaisten puolesta. Olen n\u00e4hnyt ty\u00f6ss\u00e4ni kuinka ep\u00e4oikeudenmukaisesti yhteiskunta usein toimii.<\/span><\/p>\n<p><span style=\"font-weight: 400;\">Haluan tuoda inhimillisyytt\u00e4 p\u00e4\u00e4t\u00f6ksentekoon ja tuoda ruohonjuuritason <\/span><span style=\"font-weight: 400;\">ongelmia kaikkien p\u00e4\u00e4tt\u00e4jien tietoisuuteen.<\/span><\/p>\n<ul>\n<li><span style=\"font-weight: 400;\">Erityisen l\u00e4hell\u00e4 syd\u00e4nt\u00e4ni ovat ik\u00e4ihmiset ja syrj\u00e4ytyneet.<\/span><\/li>\n<li><span style=\"font-weight: 400;\">Toivon kyl\u00e4koulujen s\u00e4ilytt\u00e4mist\u00e4 ja turvallisen lapsuuden mahdollistamista.<\/span><\/li>\n<li><span style=\"font-weight: 400;\">Pyrin tuomaan esille syrj\u00e4alueiden palvelujen takaamisen.<\/span><\/li>\n<li><span style=\"font-weight: 400;\">Kest\u00e4v\u00e4 ja eettinen ruoantuotanto on huomioitava my\u00f6s kuntatasolla.<\/span><\/li>\n<\/ul>\n<p><span style=\"font-weight: 400;\">El\u00e4m\u00e4\u00e4 n\u00e4hneen\u00e4 ja kokeneena uskon tuovani n\u00e4kemyst\u00e4 ja my\u00f6s asiantuntemusta kunta- ja aluepolitiikkaan.<\/span><\/p>\n<p><strong><br \/>\n<\/strong><em>&#8221;Medm\u00e4nsklighet i beslutsfattandet&#8221;\u00a0<\/em><\/p>\n<p><span style=\"font-weight: 400;\">Jag \u00e4r en musiker fr\u00e5n Raseborg som kandiderar f\u00f6r De Gr\u00f6na. F\u00f6r n\u00e4rvarande arbetar jag som kantor, men jag \u00e4r ocks\u00e5 utbildad n\u00e4rv\u00e5rdare och fotterapeut. I min historia finns ocks\u00e5 tjugo \u00e5r av entrepren\u00f6rskap och \u00e5r av arbete som v\u00e5rdgivare.\u00a0<\/span><\/p>\n<p><span style=\"font-weight: 400;\">Det jag g\u00f6r, g\u00f6r jag med ett stort hj\u00e4rta och passion. Jag \u00e4r en djurr\u00e4ttsaktivist och f\u00f6rs\u00f6ker alltid agera f\u00f6r de underprivilegierade. I mitt arbete har jag sett hur or\u00e4ttvist samh\u00e4llet ofta fungerar.\u00a0<\/span><\/p>\n<p><span style=\"font-weight: 400;\">Jag vill f\u00f6ra in medm\u00e4nsklighet i beslutsfattandet och lyfta fram gr\u00e4srotsproblem f\u00f6r alla beslutsfattare.\u00a0<\/span><\/p>\n<ul>\n<li style=\"font-weight: 400;\" aria-level=\"1\"><span style=\"font-weight: 400;\">De \u00e4ldre och marginaliserade ligger mig s\u00e4rskilt varmt om hj\u00e4rtat.<\/span><\/li>\n<li style=\"font-weight: 400;\" aria-level=\"1\"><span style=\"font-weight: 400;\">Jag hoppas att byskolorna kommer att bevaras och att en trygg barndom kommer att garanteras.<\/span><\/li>\n<li style=\"font-weight: 400;\" aria-level=\"1\"><span style=\"font-weight: 400;\">Jag vill betona vikten av att garantera tj\u00e4nster i avl\u00e4gsna omr\u00e5den.<\/span><\/li>\n<li style=\"font-weight: 400;\" aria-level=\"1\"><span style=\"font-weight: 400;\">H\u00e5llbar och etisk livsmedelsproduktion m\u00e5ste ocks\u00e5 beaktas p\u00e5 kommunal niv\u00e5.\u00a0<\/span><\/li>\n<\/ul>\n<p><span style=\"font-weight: 400;\">Som en person som har sett och upplevt livet tror jag att jag tillf\u00f6r insikt och \u00e4ven kompetens till kommun- och regionalpolitiken.<\/span><\/p>\n","protected":false},"excerpt":{"rendered":"<p>Kanttori, l\u00e4hihoitaja Kantor, n\u00e4rv\u00e5rdare &#8221;Inhimillisyytt\u00e4 p\u00e4\u00e4t\u00f6ksentekoon&#8221; Olen Vihreiden ehdokkaana oleva raaseporilainen muusikko. Toimin t\u00e4ll\u00e4 hetkell\u00e4 kanttorina, mutta olen koulutukseltani my\u00f6s l\u00e4hihoitaja ja jalkojenhoidon at. Historiastani l\u00f6ytyy my\u00f6s parinkymmenen vuoden yritt\u00e4jyys sek\u00e4 vuosien omaishoitajana toimiminen. Se mit\u00e4 teen, teen suurella syd\u00e4mell\u00e4 ja intohimolla. Olen el\u00e4inoikeusaktivisti ja pyrin toimimaan aina heikompiosaisten puolesta. Olen n\u00e4hnyt ty\u00f6ss\u00e4ni kuinka ep\u00e4oikeudenmukaisesti [&hellip;]<\/p>\n","protected":false},"author":633,"featured_media":0,"parent":582,"menu_order":17,"comment_status":"closed","ping_status":"closed","template":"","meta":{"footnotes":""},"class_list":["post-713","page","type-page","status-publish","hentry"],"_links":{"self":[{"href":"https:\/\/yhdistykset.vihreat.fi\/raaseporin.vihreat\/wp-json\/wp\/v2\/pages\/713","targetHints":{"allow":["GET"]}}],"collection":[{"href":"https:\/\/yhdistykset.vihreat.fi\/raaseporin.vihreat\/wp-json\/wp\/v2\/pages"}],"about":[{"href":"https:\/\/yhdistykset.vihreat.fi\/raaseporin.vihreat\/wp-json\/wp\/v2\/types\/page"}],"author":[{"embeddable":true,"href":"https:\/\/yhdistykset.vihreat.fi\/raaseporin.vihreat\/wp-json\/wp\/v2\/users\/633"}],"replies":[{"embeddable":true,"href":"https:\/\/yhdistykset.vihreat.fi\/raaseporin.vihreat\/wp-json\/wp\/v2\/comments?post=713"}],"version-history":[{"count":3,"href":"https:\/\/yhdistykset.vihreat.fi\/raaseporin.vihreat\/wp-json\/wp\/v2\/pages\/713\/revisions"}],"predecessor-version":[{"id":728,"href":"https:\/\/yhdistykset.vihreat.fi\/raaseporin.vihreat\/wp-json\/wp\/v2\/pages\/713\/revisions\/728"}],"up":[{"embeddable":true,"href":"https:\/\/yhdistykset.vihreat.fi\/raaseporin.vihreat\/wp-json\/wp\/v2\/pages\/582"}],"wp:attachment":[{"href":"https:\/\/yhdistykset.vihreat.fi\/raaseporin.vihreat\/wp-json\/wp\/v2\/media?parent=713"}],"curies":[{"name":"wp","href":"https:\/\/api.w.org\/{rel}","templated":true}]}}