{"id":27728,"date":"2025-01-18T12:28:59","date_gmt":"2025-01-18T10:28:59","guid":{"rendered":"https:\/\/yhdistykset.vihreat.fi\/vihdin.vihreat\/?page_id=27728"},"modified":"2026-03-23T22:53:00","modified_gmt":"2026-03-23T20:53:00","slug":"etusivu2","status":"publish","type":"page","link":"https:\/\/yhdistykset.vihreat.fi\/vihdin.vihreat\/","title":{"rendered":""},"content":{"rendered":"\n<p class=\"has-black-color has-text-color has-link-color wp-elements-9ac00cf961d1ea846fe5a532228b76c6 wp-block-paragraph\"><\/p>\n\n\n\n<p class=\"has-black-color has-text-color has-link-color wp-elements-9ac00cf961d1ea846fe5a532228b76c6 wp-block-paragraph\"><\/p>\n\n\n\n<p class=\"wp-block-paragraph\"><\/p>\n\n\n\n<div style=\"margin-top:0;margin-right:var(--wp--preset--spacing--20);margin-bottom:0;margin-left:var(--wp--preset--spacing--20);padding-top:0;padding-right:var(--wp--preset--spacing--20);padding-bottom:0;padding-left:var(--wp--preset--spacing--20)\" class=\"wp-block-artcloud-blocks-artcloud-card\"><div class=\"artcloud_card_block_wrapper cardstyle1 \">\n<div class=\"wp-block-group artcloud_card_group_main is-layout-flow wp-block-group-is-layout-flow\">\n<div class=\"wp-block-artcloud-blocks-artcloud-card-single artcloud_card_single\">\n<div class=\"wp-block-columns artcloud_card_columns_main is-layout-flex wp-container-core-columns-is-layout-f56f613f wp-block-columns-is-layout-flex\">\n<div class=\"wp-block-column artcloud_card_column is-layout-flow wp-block-column-is-layout-flow\"><\/div>\n<\/div>\n<\/div>\n<\/div>\n<\/div><\/div>\n\n\n<div class=\"wp-block-artcloud-blocks-artcloud-posts\" ><div id=\"loadPost-style1\"><h2 class=\"block-titleH2\" style=\"padding-bottom: 15px; border-bottom: 1px solid var(--wp--preset--color--primary);color: var(--wp--preset--color--primary);\">Ajankohtaista<\/h2><div class=\"row style1\"><div class=\"artcloud-item col-4 left\" style=\"background-color:var(--wp--preset--color--white)\"><div class=\"artcloud-item-content\"><div class=\"artcloud-post\"><div class=\"artcloud-postImg\"><a href=\"https:\/\/yhdistykset.vihreat.fi\/vihdin.vihreat\/2026\/04\/08\/tervetuloa-kevatkokoukseen\/\"><img decoding=\"async\" src=\"https:\/\/yhdistykset.vihreat.fi\/vihdin.vihreat\/files\/2026\/04\/VIHDIN-VIHREIDEN-KEVATKOKOUS.jpg\" alt=\"Tervetuloa kev\u00e4tkokoukseen\"><\/a><\/div><div class=\"artcloud-content\" style=\"background-color:var(--wp--preset--color--white)\"><span style=\"color:var(--wp--preset--color--black)\">08.04.2026<\/span> | <span style=\"color:var(--wp--preset--color--black)\">erja.vayrynen<\/span><p class=\"post-category\"><span style=\"color:var(--wp--preset--color--black)\">Kokoukset<\/span><\/p><a href=\"https:\/\/yhdistykset.vihreat.fi\/vihdin.vihreat\/2026\/04\/08\/tervetuloa-kevatkokoukseen\/\"><h3 style=\"color:var(--wp--preset--color--black)\">Tervetuloa kev\u00e4tkokoukseen<\/h3><\/a><\/div><\/div><div class=\"artcloud-readmore\"><a href=\"https:\/\/yhdistykset.vihreat.fi\/vihdin.vihreat\/2026\/04\/08\/tervetuloa-kevatkokoukseen\/\" class=\"wp-block-button__link wp-element-button\"style=\"color:var(--wp--preset--color--white);background-color:var(--wp--preset--color--primary)\">Lue lis\u00e4\u00e4<\/a><\/div><\/div><\/div><div class=\"artcloud-item col-4\" style=\"background-color:var(--wp--preset--color--white)\"><div class=\"artcloud-item-content\"><div class=\"artcloud-post\"><div class=\"artcloud-postImg\"><a href=\"https:\/\/yhdistykset.vihreat.fi\/vihdin.vihreat\/2026\/03\/23\/valtuustoaloite-joukkoliikenneyhteyksien-parantamiseksi-vihdissa\/\"><img decoding=\"async\" src=\"https:\/\/yhdistykset.vihreat.fi\/vihdin.vihreat\/files\/2026\/03\/Markku-liikenne.jpg\" alt=\"Valtuustoaloite joukkoliikenneyhteyksien parantamiseksi\"><\/a><\/div><div class=\"artcloud-content\" style=\"background-color:var(--wp--preset--color--white)\"><span style=\"color:var(--wp--preset--color--black)\">23.03.2026<\/span> | <span style=\"color:var(--wp--preset--color--black)\">erja.vayrynen<\/span><p class=\"post-category\"><span style=\"color:var(--wp--preset--color--black)\">Aloitteet, Kunnallispolitiikka, Vaikutamme Vihdiss\u00e4<\/span><\/p><a href=\"https:\/\/yhdistykset.vihreat.fi\/vihdin.vihreat\/2026\/03\/23\/valtuustoaloite-joukkoliikenneyhteyksien-parantamiseksi-vihdissa\/\"><h3 style=\"color:var(--wp--preset--color--black)\">Valtuustoaloite joukkoliikenneyhteyksien parantamiseksi<\/h3><\/a><\/div><\/div><div class=\"artcloud-readmore\"><a href=\"https:\/\/yhdistykset.vihreat.fi\/vihdin.vihreat\/2026\/03\/23\/valtuustoaloite-joukkoliikenneyhteyksien-parantamiseksi-vihdissa\/\" class=\"wp-block-button__link wp-element-button\"style=\"color:var(--wp--preset--color--white);background-color:var(--wp--preset--color--primary)\">Lue lis\u00e4\u00e4<\/a><\/div><\/div><\/div><div class=\"artcloud-item col-4\" style=\"background-color:var(--wp--preset--color--white)\"><div class=\"artcloud-item-content\"><div class=\"artcloud-post\"><div class=\"artcloud-postImg\"><a href=\"https:\/\/yhdistykset.vihreat.fi\/vihdin.vihreat\/2026\/02\/09\/valtuustoaloite-ekologisesta-kompensaatiosta\/\"><img decoding=\"async\" src=\"https:\/\/yhdistykset.vihreat.fi\/vihdin.vihreat\/files\/2026\/03\/Erja-kompensaatio.jpg\" alt=\"Valtuustoaloite ekologisesta kompensaatiosta\"><\/a><\/div><div class=\"artcloud-content\" style=\"background-color:var(--wp--preset--color--white)\"><span style=\"color:var(--wp--preset--color--black)\">09.02.2026<\/span> | <span style=\"color:var(--wp--preset--color--black)\">erja.vayrynen<\/span><p class=\"post-category\"><span style=\"color:var(--wp--preset--color--black)\">Aloitteet, Vaikutamme Vihdiss\u00e4<\/span><\/p><a href=\"https:\/\/yhdistykset.vihreat.fi\/vihdin.vihreat\/2026\/02\/09\/valtuustoaloite-ekologisesta-kompensaatiosta\/\"><h3 style=\"color:var(--wp--preset--color--black)\">Valtuustoaloite ekologisesta kompensaatiosta<\/h3><\/a><\/div><\/div><div class=\"artcloud-readmore\"><a href=\"https:\/\/yhdistykset.vihreat.fi\/vihdin.vihreat\/2026\/02\/09\/valtuustoaloite-ekologisesta-kompensaatiosta\/\" class=\"wp-block-button__link wp-element-button\"style=\"color:var(--wp--preset--color--white);background-color:var(--wp--preset--color--primary)\">Lue lis\u00e4\u00e4<\/a><\/div><\/div><\/div><div class=\"artcloud-item col-4\" style=\"background-color:var(--wp--preset--color--white)\"><div class=\"artcloud-item-content\"><div class=\"artcloud-post\"><div class=\"artcloud-postImg\"><a href=\"https:\/\/yhdistykset.vihreat.fi\/vihdin.vihreat\/2026\/02\/09\/vihreiden-ryhmapuheenvuoro-hyvinvointikertomuksesta-ja-suunnitelmasta\/\"><img decoding=\"async\" src=\"https:\/\/yhdistykset.vihreat.fi\/vihdin.vihreat\/files\/2026\/03\/Ida-hyvinvointi.jpg\" alt=\"Vihreiden ryhm\u00e4puheenvuoro hyvinvointikertomuksesta ja -suunnitelmasta\"><\/a><\/div><div class=\"artcloud-content\" style=\"background-color:var(--wp--preset--color--white)\"><span style=\"color:var(--wp--preset--color--black)\">09.02.2026<\/span> | <span style=\"color:var(--wp--preset--color--black)\">erja.vayrynen<\/span><p class=\"post-category\"><span style=\"color:var(--wp--preset--color--black)\">Ryhm\u00e4puheet, Vaikutamme Vihdiss\u00e4<\/span><\/p><a href=\"https:\/\/yhdistykset.vihreat.fi\/vihdin.vihreat\/2026\/02\/09\/vihreiden-ryhmapuheenvuoro-hyvinvointikertomuksesta-ja-suunnitelmasta\/\"><h3 style=\"color:var(--wp--preset--color--black)\">Vihreiden ryhm\u00e4puheenvuoro hyvinvointikertomuksesta ja -suunnitelmasta<\/h3><\/a><\/div><\/div><div class=\"artcloud-readmore\"><a href=\"https:\/\/yhdistykset.vihreat.fi\/vihdin.vihreat\/2026\/02\/09\/vihreiden-ryhmapuheenvuoro-hyvinvointikertomuksesta-ja-suunnitelmasta\/\" class=\"wp-block-button__link wp-element-button\"style=\"color:var(--wp--preset--color--white);background-color:var(--wp--preset--color--primary)\">Lue lis\u00e4\u00e4<\/a><\/div><\/div><\/div><div class=\"artcloud-item col-4\" style=\"background-color:var(--wp--preset--color--white)\"><div class=\"artcloud-item-content\"><div class=\"artcloud-post\"><div class=\"artcloud-postImg\"><a href=\"https:\/\/yhdistykset.vihreat.fi\/vihdin.vihreat\/2025\/12\/20\/rauhallista-joulunaikaa-ja-iloa-vuoteen-2026\/\"><img decoding=\"async\" src=\"https:\/\/yhdistykset.vihreat.fi\/vihdin.vihreat\/files\/2025\/12\/Joulu25-2.jpeg\" alt=\"Rauhallista joulunaikaa ja valoa vuoteen 2026!\"><\/a><\/div><div class=\"artcloud-content\" style=\"background-color:var(--wp--preset--color--white)\"><span style=\"color:var(--wp--preset--color--black)\">20.12.2025<\/span> | <span style=\"color:var(--wp--preset--color--black)\">erja.vayrynen<\/span><p class=\"post-category\"><span style=\"color:var(--wp--preset--color--black)\">Tiedotteet<\/span><\/p><a href=\"https:\/\/yhdistykset.vihreat.fi\/vihdin.vihreat\/2025\/12\/20\/rauhallista-joulunaikaa-ja-iloa-vuoteen-2026\/\"><h3 style=\"color:var(--wp--preset--color--black)\">Rauhallista joulunaikaa ja valoa vuoteen 2026!<\/h3><\/a><\/div><\/div><div class=\"artcloud-readmore\"><a href=\"https:\/\/yhdistykset.vihreat.fi\/vihdin.vihreat\/2025\/12\/20\/rauhallista-joulunaikaa-ja-iloa-vuoteen-2026\/\" class=\"wp-block-button__link wp-element-button\"style=\"color:var(--wp--preset--color--white);background-color:var(--wp--preset--color--primary)\">Lue lis\u00e4\u00e4<\/a><\/div><\/div><\/div><div class=\"artcloud-item col-4\" style=\"background-color:var(--wp--preset--color--white)\"><div class=\"artcloud-item-content\"><div class=\"artcloud-post\"><div class=\"artcloud-postImg\"><a href=\"https:\/\/yhdistykset.vihreat.fi\/vihdin.vihreat\/2025\/12\/05\/ehdotamme-kayttoon-ekologista-kompensaatiota\/\"><img decoding=\"async\" src=\"https:\/\/yhdistykset.vihreat.fi\/vihdin.vihreat\/files\/2025\/12\/Sieppaat.png\" alt=\"Ehdotamme Vihtiin k\u00e4ytt\u00f6\u00f6n ekologista kompensaatiota\"><\/a><\/div><div class=\"artcloud-content\" style=\"background-color:var(--wp--preset--color--white)\"><span style=\"color:var(--wp--preset--color--black)\">05.12.2025<\/span> | <span style=\"color:var(--wp--preset--color--black)\">erja.vayrynen<\/span><p class=\"post-category\"><span style=\"color:var(--wp--preset--color--black)\">Kunnallispolitiikka, Ryhm\u00e4puheet, Vaikutamme Vihdiss\u00e4<\/span><\/p><a href=\"https:\/\/yhdistykset.vihreat.fi\/vihdin.vihreat\/2025\/12\/05\/ehdotamme-kayttoon-ekologista-kompensaatiota\/\"><h3 style=\"color:var(--wp--preset--color--black)\">Ehdotamme Vihtiin k\u00e4ytt\u00f6\u00f6n ekologista kompensaatiota<\/h3><\/a><\/div><\/div><div class=\"artcloud-readmore\"><a href=\"https:\/\/yhdistykset.vihreat.fi\/vihdin.vihreat\/2025\/12\/05\/ehdotamme-kayttoon-ekologista-kompensaatiota\/\" class=\"wp-block-button__link wp-element-button\"style=\"color:var(--wp--preset--color--white);background-color:var(--wp--preset--color--primary)\">Lue lis\u00e4\u00e4<\/a><\/div><\/div><\/div><\/div><div style=\"margin-top:40px !important;\"><a href=\"#\" id=\"load_more_posts-style1\" class=\"wp-block-button__link wp-element-button\" data-attributes=\"{&quot;numberOfItems&quot;:6,&quot;title&quot;:&quot;Ajankohtaista&quot;,&quot;titleColor&quot;:&quot;var(--wp--preset--color--black)&quot;,&quot;headingColor&quot;:&quot;var(--wp--preset--color--primary)&quot;,&quot;displayFeaturedImage&quot;:true,&quot;displayDescription&quot;:false,&quot;displayhDescription&quot;:true,&quot;displayAuthor&quot;:true,&quot;displayDate&quot;:true,&quot;displayTime&quot;:true,&quot;displayPagination&quot;:false,&quot;buttonRadius&quot;:true,&quot;displayLoadMore&quot;:true,&quot;selectedCol&quot;:&quot;4&quot;,&quot;buttonStyle&quot;:&quot;style1&quot;,&quot;postType&quot;:&quot;post&quot;,&quot;selectedTitles&quot;:[],&quot;backgroundColor&quot;:&quot;var(--wp--preset--color--white)&quot;,&quot;selectedStyle&quot;:&quot;style1&quot;,&quot;selectedSide&quot;:&quot;left&quot;,&quot;textColor&quot;:&quot;var(--wp--preset--color--black)&quot;,&quot;btnColor&quot;:&quot;var(--wp--preset--color--primary)&quot;,&quot;btnTextColor&quot;:&quot;var(--wp--preset--color--white)&quot;,&quot;hpostTitleColor&quot;:&quot;var(--wp--preset--color--black)&quot;,&quot;hpostTextColor&quot;:&quot;var(--wp--preset--color--black)&quot;,&quot;hpostBgColor&quot;:&quot;var(--wp--preset--color--white)&quot;,&quot;htitleborder&quot;:&quot;var(--wp--preset--color--primary)&quot;,&quot;order&quot;:&quot;desc&quot;,&quot;orderBy&quot;:&quot;date&quot;,&quot;fontSize&quot;:27,&quot;wordsCount&quot;:5,&quot;displayCategory&quot;:true,&quot;displayTitleBorder&quot;:true}\" data-offset=\"6\">N\u00e4yt\u00e4 lis\u00e4\u00e4<\/a><\/div><\/div><\/div>\n\n<div style=\"padding-top:0;padding-bottom:0\" class=\"wp-block-artcloud-blocks-artcloud-rss-feed\"><script>var rssFeedAttr = {\"items\":[{\"title\":\"Virta vaatii hallitukselta viimeisess\\u00e4 riihess\\u00e4: ei en\\u00e4\\u00e4 euroakaan lapsilta ja nuorilta\",\"link\":\"https:\\\/\\\/www.sttinfo.fi\\\/tiedote\\\/72284037\\\/virta-vaatii-hallitukselta-viimeisessa-riihessa-ei-enaa-euroakaan-lapsilta-ja-nuorilta?lang=fi\",\"description\":\"Vihreiden puheenjohtaja Sofia Virta vaatii, ett\\u00e4 hallitus ei leikkaisi t\\u00e4n\\u00e4\\u00e4n k\\u00e4ynnistyv\\u00e4ss\\u00e4 budjettiriihess\\u00e4 lapsilta ja nuorilta en\\u00e4\\u00e4 euroakaan. Virran mukaan suunta on k\\u00e4\\u00e4nnett\\u00e4v\\u00e4 p\\u00e4invastaiseksi: yksik\\u00e4\\u00e4n lapsi ei saa en\\u00e4\\u00e4 pudota k\\u00f6yhyyteen, ja hallituksen on pelastettava ne, jotka sen oma politiikka on jo ty\\u00f6nt\\u00e4nyt k\\u00f6yhyysrajan alle.\",\"pubDate\":\"Tue, 01 Sep 2026 13:42:06 GMT\",\"enclosure\":{\"link\":\"https:\\\/\\\/www.sttinfo.fi\\\/data\\\/images\\\/public\\\/69818932\\\/72284037\\\/3d2aa134-dd27-4571-b224-dd7f0ef54d8f.jpg\"}},{\"title\":\"Vihreiden Tiina Elo: Villisikojen massalahtaaminen ei ole kest\\u00e4v\\u00e4 tapa torjua afrikkalaista sikaruttoa\",\"link\":\"https:\\\/\\\/www.sttinfo.fi\\\/tiedote\\\/72283886\\\/vihreiden-tiina-elo-villisikojen-massalahtaaminen-ei-ole-kestava-tapa-torjua-afrikkalaista-sikaruttoa?lang=fi\",\"description\":\"Kansanedustaja Tiina Elo (vihr.) suhtautuu varauksella hallituksen p\\u00e4\\u00e4t\\u00f6kseen tehostaa villisikojen mets\\u00e4styst\\u00e4 koko Suomessa afrikkalaisen sikaruton torjumiseksi. Elon mukaan kansallispuistoissa tapahtuvalle mets\\u00e4stykselle ei ole mit\\u00e4\\u00e4n perusteita.\",\"pubDate\":\"Tue, 01 Sep 2026 13:17:19 GMT\",\"enclosure\":{\"link\":\"https:\\\/\\\/www.sttinfo.fi\\\/data\\\/images\\\/public\\\/69818932\\\/72283886\\\/1914d373-a3f2-4ef7-a90f-19a1debb44b9.jpg\"}},{\"title\":\"Kansanedustaja Mari Holopainen: Erillist\\u00e4 datakeskustukea ei tarvita \\u2013 datakeskusten tukemisen sijaan hallituksen pit\\u00e4\\u00e4 varmistaa, ett\\u00e4 investoinnit vahvistavat Suomen ja EU:n teko\\u00e4lytaloutta\",\"link\":\"https:\\\/\\\/www.sttinfo.fi\\\/tiedote\\\/72282676\\\/kansanedustaja-mari-holopainen-erillista-datakeskustukea-ei-tarvita-datakeskusten-tukemisen-sijaan-hallituksen-pitaa-varmistaa-etta-investoinnit-vahvistavat-suomen-ja-eun-tekoalytaloutta?lang=fi\",\"description\":\"Kansanedustaja Mari Holopainen arvostelee hallituksen tapaa l\\u00e4hesty\\u00e4 datakeskusinvestointeja.\",\"pubDate\":\"Tue, 01 Sep 2026 10:49:49 GMT\",\"enclosure\":{\"link\":\"https:\\\/\\\/www.sttinfo.fi\\\/data\\\/images\\\/public\\\/69818932\\\/72282676\\\/e5fbf087-4e46-45d3-b8d9-6adda52b9979.jpg\"}},{\"title\":\"Vihreiden Holopainen: Hallituksen ei pid\\u00e4 laajentaa rikostiedustelua kansalaisoikeuksien kustannuksella\",\"link\":\"https:\\\/\\\/www.sttinfo.fi\\\/tiedote\\\/72279677\\\/vihreiden-holopainen-hallituksen-ei-pida-laajentaa-rikostiedustelua-kansalaisoikeuksien-kustannuksella?lang=fi\",\"description\":\"Vihreiden kansanedustaja, lakivaliokunnan j\\u00e4sen Mari Holopainen vaatii hallitusta keskeytt\\u00e4m\\u00e4\\u00e4n poliisin rikostiedusteluvaltuuksien laajentamisen kansalaisoikeuksien kustannuksella. Holopaisen mukaan my\\u00f6s poliisin oman laillisuusvalvonnan tuoreet havainnot osoittavat, ettei uusia valvontavaltuuksia pid\\u00e4 s\\u00e4\\u00e4t\\u00e4\\u00e4, kun jo nykyiset oikeudet ovat varsin laajat ja niiden k\\u00e4yt\\u00f6ss\\u00e4 on ongelmia.\",\"pubDate\":\"Mon, 31 Aug 2026 13:40:29 GMT\",\"enclosure\":{\"link\":\"https:\\\/\\\/www.sttinfo.fi\\\/data\\\/images\\\/public\\\/69818932\\\/72279677\\\/d8a7e350-9440-4d2f-bf16-3a9ef7723a73.jpg\"}},{\"title\":\"Vihreiden Krista Mikkonen vaatii ty\\u00f6per\\u00e4iseen hyv\\u00e4ksik\\u00e4ytt\\u00f6\\u00f6n puuttumista \\u2013 alihankintaketjuja tulee rajoittaa ja valtion tarkistaa omien yhti\\u00f6idens\\u00e4 hankintaketjut\",\"link\":\"https:\\\/\\\/www.sttinfo.fi\\\/tiedote\\\/72279519\\\/vihreiden-krista-mikkonen-vaatii-tyoperaiseen-hyvaksikayttoon-puuttumista-alihankintaketjuja-tulee-rajoittaa-ja-valtion-tarkistaa-omien-yhtioidensa-hankintaketjut?lang=fi\",\"description\":\"Vihreiden kansanedustaja Krista Mikkonen vaatii lains\\u00e4\\u00e4d\\u00e4nn\\u00f6n tiukentamista niin, ett\\u00e4 tilaajavastuu ulottuu koko alihankintaketjuun. H\\u00e4n vaatii my\\u00f6s viranomaisten resurssien ja toimivallan lis\\u00e4\\u00e4mist\\u00e4, jotta valvonnalla on todellisia mahdollisuuksia puuttua laittomiin ty\\u00f6olosuhteisiin.\",\"pubDate\":\"Mon, 31 Aug 2026 13:14:27 GMT\",\"enclosure\":{\"link\":\"https:\\\/\\\/www.sttinfo.fi\\\/data\\\/images\\\/public\\\/69818932\\\/72279519\\\/9233aff7-a3e3-4c2d-8021-05e8f983e8da.jpg\"}},{\"title\":\"Vihreiden Harjanne tyrmistyi s\\u00e4hk\\u00f6autojen korjaamista vaikeuttavista viranomaisohjeista: \\u201cKustannustehokkaan korjaamisen ja kiertotalouden este purettava\\u201d\",\"link\":\"https:\\\/\\\/www.sttinfo.fi\\\/tiedote\\\/72276591\\\/vihreiden-harjanne-tyrmistyi-sahkoautojen-korjaamista-vaikeuttavista-viranomaisohjeista-kustannustehokkaan-korjaamisen-ja-kiertotalouden-este-purettava?lang=fi\",\"description\":\"Iltalehti uutisoi 29.8. Lupa- ja valvontaviraston hein\\u00e4kuussa julkaisemasta ohjeistuksesta k\\u00e4ytettyjen akkujen k\\u00e4sittelyst\\u00e4 ja j\\u00e4testatuksesta, joka on her\\u00e4tt\\u00e4nyt laajaa huolta s\\u00e4hk\\u00f6- ja hybridiautojen omistajissa ja korjaamoyrityksiss\\u00e4.\",\"pubDate\":\"Mon, 31 Aug 2026 06:14:54 GMT\",\"enclosure\":{\"link\":\"https:\\\/\\\/www.sttinfo.fi\\\/data\\\/images\\\/public\\\/69818932\\\/72276591\\\/608610e5-4bf5-498b-ab69-a57a6f22debf.jpg\"}},{\"title\":\"Hyrkk\\u00f6 vaatii Suomea irtautumaan Israel-sopimuksesta ja syytt\\u00e4\\u00e4 hallitusta salailusta: \\u201dOvatko p\\u00e4\\u00e4ministeri ja ulkoministeri olleet pihalla vai puhuneet omiaan?\\u201d\",\"link\":\"https:\\\/\\\/www.sttinfo.fi\\\/tiedote\\\/72275202\\\/hyrkko-vaatii-suomea-irtautumaan-israel-sopimuksesta-ja-syyttaa-hallitusta-salailusta-ovatko-paaministeri-ja-ulkoministeri-olleet-pihalla-vai-puhuneet-omiaan?lang=fi\",\"description\":\"Vihre\\u00e4n eduskuntaryhm\\u00e4n varapuheenjohtaja ja eduskunnan Palestiina-yst\\u00e4vyysryhm\\u00e4n varapuheenjohtaja Saara Hyrkk\\u00f6 pit\\u00e4\\u00e4 Ylen paljastamaa Israel-sopimusta tyrmistytt\\u00e4v\\u00e4n\\u00e4 osoituksena Orpon hallituksen harkintakyvyn puutteesta ja salailusta. H\\u00e4n vaatii Suomea irtautumaan sopimuksesta.\",\"pubDate\":\"Sat, 29 Aug 2026 12:41:11 GMT\",\"enclosure\":{\"link\":\"https:\\\/\\\/www.sttinfo.fi\\\/data\\\/images\\\/public\\\/69818932\\\/72275202\\\/574f8c82-d008-4d32-80a1-e3a5d406f099.jpg\"}},{\"title\":\"Vihreiden Virta: Kokoomuksen Israel-politiikka on Suomen historiallinen h\\u00e4pe\\u00e4 \\u2013 Suomi syvensi yhteisty\\u00f6t\\u00e4 lasten tappamisen ja kansanmurhan keskell\\u00e4\",\"link\":\"https:\\\/\\\/www.sttinfo.fi\\\/tiedote\\\/72274859\\\/vihreiden-virta-kokoomuksen-israel-politiikka-on-suomen-historiallinen-hapea-suomi-syvensi-yhteistyota-lasten-tappamisen-ja-kansanmurhan-keskella?lang=fi\",\"description\":\"Vihre\\u00e4t ovat koko Gazan sodan ajan vaatineet Suomen hallitukselta tekoja Israelin painostamiseksi, kansanmurhan lopettamiseksi ja ihmishenkien pelastamiseksi. Nyt paljastuu, ettei kokoomusjohtoinen Suomi ole ainoastaan j\\u00e4tt\\u00e4nyt n\\u00e4it\\u00e4 toimia tekem\\u00e4tt\\u00e4, vaan on lasten tappamisen ja Gazan tuhoamisen keskell\\u00e4 aktiivisesti syvent\\u00e4nyt puolustusyhteisty\\u00f6t\\u00e4\\u00e4n Israelin kanssa. Vihreiden puheenjohtaja Sofia Virta kutsuu hallituksen Israel-politiikkaa historialliseksi h\\u00e4pe\\u00e4ksi ja vaatii Suomen suunnan muuttamista v\\u00e4litt\\u00f6m\\u00e4sti.\",\"pubDate\":\"Sat, 29 Aug 2026 05:05:49 GMT\",\"enclosure\":{\"link\":\"https:\\\/\\\/www.sttinfo.fi\\\/data\\\/images\\\/public\\\/69818932\\\/72274859\\\/1d4e0511-3cc8-4890-a9d4-fa680c4c8e1c.jpg\"}},{\"title\":\"Vihreiden Hanna Holopainen: Uudet luvut sen todistavat \\u2013 j\\u00e4rjest\\u00f6leikkauksissa on kyse ideologiasta, ei s\\u00e4\\u00e4st\\u00f6haaveista\",\"link\":\"https:\\\/\\\/www.sttinfo.fi\\\/tiedote\\\/72273908\\\/vihreiden-hanna-holopainen-uudet-luvut-sen-todistavat-jarjestoleikkauksissa-on-kyse-ideologiasta-ei-saastohaaveista?lang=fi\",\"description\":\"Vihreiden kansanedustaja Hanna Holopainen kommentoi Hyvinvointiala Halin ja sote-alan kattoj\\u00e4rjest\\u00f6 Sosten julkaisemia uusia lukuja hallituksen STEA-avustusleikkausten vaikutuksista. H\\u00e4n vaatii hallitusta vihelt\\u00e4m\\u00e4\\u00e4n pelin poikki ensi viikolla alkavassa budjettiriihess\\u00e4.\",\"pubDate\":\"Fri, 28 Aug 2026 11:56:44 GMT\",\"enclosure\":{\"link\":\"https:\\\/\\\/www.sttinfo.fi\\\/data\\\/images\\\/public\\\/69818932\\\/72273908\\\/806d4b73-4971-43fc-a115-86e50ef53225.jpg\"}},{\"title\":\"Vihreiden Hopsu: UNRWA-p\\u00e4\\u00e4t\\u00f6s on py\\u00f6rrett\\u00e4v\\u00e4 \\u2013 Suomi asettuu v\\u00e4\\u00e4r\\u00e4lle puolelle historiaa\",\"link\":\"https:\\\/\\\/www.sttinfo.fi\\\/tiedote\\\/72270368\\\/vihreiden-hopsu-unrwa-paatos-on-pyorrettava-suomi-asettuu-vaaralle-puolelle-historiaa?lang=fi\",\"description\":\"Ministeri Tavio ilmoitti t\\u00e4n\\u00e4\\u00e4n, ett\\u00e4 Suomen rahoitus palestiinalaispakolaisj\\u00e4rjest\\u00f6 UNRWA:lle p\\u00e4\\u00e4ttyy. Vihreiden kansanedustaja Inka Hopsu vaatii p\\u00e4\\u00e4t\\u00f6ksen v\\u00e4lit\\u00f6nt\\u00e4 py\\u00f6rt\\u00e4mist\\u00e4, sill\\u00e4 korvaavaa toimijaa ei ole, ja se vaarantaa satojen tuhansien palvelut Gazassa. P\\u00e4\\u00e4t\\u00f6s her\\u00e4tt\\u00e4\\u00e4 my\\u00f6s huolta Suomen poliittisesta linjasta.\",\"pubDate\":\"Thu, 27 Aug 2026 12:34:09 GMT\",\"enclosure\":{\"link\":\"https:\\\/\\\/www.sttinfo.fi\\\/data\\\/images\\\/public\\\/69818932\\\/72270368\\\/d9193ce1-ba58-44cb-8e97-d611b786bdad.jpg\"}},{\"title\":\"Hyrkk\\u00f6 ja Diarra ottaisivat mallia New Yorkista: Vanhempien vapaailta my\\u00f6s Espooseen ja Helsinkiin\",\"link\":\"https:\\\/\\\/www.sttinfo.fi\\\/tiedote\\\/72269313\\\/hyrkko-ja-diarra-ottaisivat-mallia-new-yorkista-vanhempien-vapaailta-myos-espooseen-ja-helsinkiin?lang=fi\",\"description\":\"Vihreiden kansanedustajat sek\\u00e4 Espoon ja Helsingin kaupunginvaltuutetut Saara Hyrkk\\u00f6 ja Fatim Diarra ehdottavat pilotoitavaksi \\u201dvanhempien vapaailtaa\\u201d. Idea on per\\u00e4isin New Yorkista, miss\\u00e4 on toteutettu pormestari Zohran Mamdanin johdolla\\u00a0Parents\\u2019 night out.\",\"pubDate\":\"Thu, 27 Aug 2026 10:37:28 GMT\",\"enclosure\":{\"link\":\"https:\\\/\\\/www.sttinfo.fi\\\/data\\\/images\\\/public\\\/69818932\\\/72269313\\\/64bcebe9-af0e-408a-ae00-6a3b69db7fc4.jpg\"}},{\"title\":\"Hyrkk\\u00f6: Mopo keulii nyt molemmilla laidoilla\",\"link\":\"https:\\\/\\\/www.sttinfo.fi\\\/tiedote\\\/72266116\\\/hyrkko-mopo-keulii-nyt-molemmilla-laidoilla?lang=fi\",\"description\":\"Vihre\\u00e4n eduskuntaryhm\\u00e4n varapuheenjohtaja ja valtiovarainvaliokunnan varapuheenjohtaja Saara Hyrkk\\u00f6 moittii kokoomuksen ja vasemmiston talouspoliittisia avauksia. Kokoomuksen puheenjohtaja, p\\u00e4\\u00e4ministeri Petteri Orpo on ilmoittanut kokoomuksen tavoittelevan ensi vaalikaudella kahdeksan miljardin euron menoleikkauksia. Vasemmistoliiton puheenjohtaja Minja Koskela puolestaan esitteli yli yhdeks\\u00e4n miljardin euron edest\\u00e4 veronkorotuksia.\",\"pubDate\":\"Wed, 26 Aug 2026 13:41:55 GMT\",\"enclosure\":{\"link\":\"https:\\\/\\\/www.sttinfo.fi\\\/data\\\/images\\\/public\\\/69818932\\\/72266116\\\/44215e8f-da45-4f38-83e1-826ae0c126b0.jpg\"}},{\"title\":\"Virta ja Tynkkynen tiukkoina: Suomi tarvitsee ymp\\u00e4rist\\u00f6politiikan suunnanmuutoksen \\u2013 ymp\\u00e4rist\\u00f6turvallisuus on erottamaton osa kokonaisturvallisuutta\",\"link\":\"https:\\\/\\\/www.sttinfo.fi\\\/tiedote\\\/72263125\\\/virta-ja-tynkkynen-tiukkoina-suomi-tarvitsee-ymparistopolitiikan-suunnanmuutoksen-ymparistoturvallisuus-on-erottamaton-osa-kokonaisturvallisuutta?lang=fi\",\"description\":\"Vihreiden puheenjohtaja Sofia Virta ja vihre\\u00e4n eduskuntaryhm\\u00e4n puheenjohtaja Oras Tynkkynen paaluttavat vihre\\u00e4n eduskuntaryhm\\u00e4n kes\\u00e4kokouksessa Tampereella tiukkoja luonto- ja ilmastolinjoja. Virran mukaan ymp\\u00e4rist\\u00f6kriisin muodostamat uhat on tuotava osaksi kokonaisturvallisuuden tilannekuvaa ja p\\u00e4\\u00e4t\\u00f6ksentekoa. Tynkkynen taas kannustaa SDP:t\\u00e4 olemaan yhteydess\\u00e4, jos puolue kaipaa tukea ymp\\u00e4rist\\u00f6linjojensa vahvistamisessa.\",\"pubDate\":\"Wed, 26 Aug 2026 06:27:22 GMT\",\"enclosure\":{\"link\":\"https:\\\/\\\/www.sttinfo.fi\\\/data\\\/images\\\/public\\\/69818932\\\/72263125\\\/48718a4e-6fa5-4442-91d8-417bea7ece0e.png\"}},{\"title\":\"Vihreiden Hyrkk\\u00f6 ja Hopsu: K\\u00f6yhyys ei saa m\\u00e4\\u00e4ritt\\u00e4\\u00e4 lasten ja nuorten tulevaisuutta \\u2013 Vihre\\u00e4t esitt\\u00e4\\u00e4 ratkaisupakettia\",\"link\":\"https:\\\/\\\/www.sttinfo.fi\\\/tiedote\\\/72259722\\\/vihreiden-hyrkko-ja-hopsu-koyhyys-ei-saa-maarittaa-lasten-ja-nuorten-tulevaisuutta-vihreat-esittaa-ratkaisupakettia?lang=fi\",\"description\":\"Vihre\\u00e4n eduskuntaryhm\\u00e4n varapuheenjohtajat Saara Hyrkk\\u00f6 ja Inka Hopsu vaativat eduskuntaryhm\\u00e4n kes\\u00e4kokouksessa, ett\\u00e4 Suomi sitoutuu poistamaan lapsiperhek\\u00f6yhyyden vuoteen 2035 menness\\u00e4. Kansanedustajat kritisoivat voimakkaasti hallituksen politiikkaa, jolla yli 26 000 lasta on ty\\u00f6nnetty k\\u00f6yhyyteen ja esitt\\u00e4v\\u00e4t keinopaketin, jolla suunta voidaan k\\u00e4\\u00e4nt\\u00e4\\u00e4.\",\"pubDate\":\"Tue, 25 Aug 2026 09:30:00 GMT\",\"enclosure\":{\"link\":\"https:\\\/\\\/www.sttinfo.fi\\\/data\\\/images\\\/public\\\/69818932\\\/72259722\\\/1496939d-63a6-4f40-bd39-cf225896995f.png\"}},{\"title\":\"Vihreiden Hanna Holopainen: Hallitus leikkaa kohtaamisen v\\u00e4lineet puhevammaisilta\",\"link\":\"https:\\\/\\\/www.sttinfo.fi\\\/tiedote\\\/72258819\\\/vihreiden-hanna-holopainen-hallitus-leikkaa-kohtaamisen-valineet-puhevammaisilta?lang=fi\",\"description\":\"Hallituksen elokuussa hyv\\u00e4ksym\\u00e4ss\\u00e4 asetuksessa STEA-avustusten painopisteeksi on kirjattu konkreettinen, kohtaava asiakasty\\u00f6. Vihreiden kansanedustaja Hanna Holopainen huomauttaa, ett\\u00e4 ensimm\\u00e4iset konkreettiset seuraukset ovat p\\u00e4invastaisia kuin sosiaali- ja terveysministeri Wille Rydman (ps) on luvannut. Hallituksen linjaus lakkauttaisi Kehitysvammaliiton yleisavustuksen l\\u00e4hes kokonaan, ja mukana katoaisivat v\\u00e4lineet, joiden varassa puhevammaiset ihmiset ylip\\u00e4\\u00e4t\\u00e4\\u00e4n kohtaavat toisiaan.\",\"pubDate\":\"Tue, 25 Aug 2026 06:37:11 GMT\",\"enclosure\":{\"link\":\"https:\\\/\\\/www.sttinfo.fi\\\/data\\\/images\\\/public\\\/69818932\\\/72258819\\\/24e78329-33ef-4026-998f-cea6567eade3.jpg\"}},{\"title\":\"Vihreiden Hanna Holopainen vaatii hallitukselta tukitoimia afrikkalaisesta sikarutosta johtuviin taloudellisiin menetyksiin \\u2013 \\u201cKaakkois-Suomi on saanut k\\u00e4rsi\\u00e4 jo tarpeeksi\\u201d\",\"link\":\"https:\\\/\\\/www.sttinfo.fi\\\/tiedote\\\/72257163\\\/vihreiden-hanna-holopainen-vaatii-hallitukselta-tukitoimia-afrikkalaisesta-sikarutosta-johtuviin-taloudellisiin-menetyksiin-kaakkois-suomi-on-saanut-karsia-jo-tarpeeksi?lang=fi\",\"description\":\"Vihreiden kansanedustaja Hanna Holopainen vaatii Kaakkois-Suomen alueen toimijoille korvauksia afrikkalaisen sikaruton vuoksi. Taudin levi\\u00e4misen est\\u00e4miseksi asetetut rajoitukset aiheuttavat sek\\u00e4 v\\u00e4litt\\u00f6mi\\u00e4 ett\\u00e4 pitk\\u00e4kestoisia taloudellisia menetyksi\\u00e4.\",\"pubDate\":\"Mon, 24 Aug 2026 13:14:58 GMT\",\"enclosure\":{\"link\":\"https:\\\/\\\/www.sttinfo.fi\\\/data\\\/images\\\/public\\\/69818932\\\/72257163\\\/3af6e884-4056-4036-b88a-ef95dfaa2047.jpg\"}},{\"title\":\"Virta SDP:n ymp\\u00e4rist\\u00f6avauksesta: Tervetuloa ymp\\u00e4rist\\u00f6vaaleihin \\u2013 nyt mitataan, kuka on valmis my\\u00f6s vaikeisiin p\\u00e4\\u00e4t\\u00f6ksiin\",\"link\":\"https:\\\/\\\/www.sttinfo.fi\\\/tiedote\\\/72253052\\\/virta-sdpn-ymparistoavauksesta-tervetuloa-ymparistovaaleihin-nyt-mitataan-kuka-on-valmis-myos-vaikeisiin-paatoksiin?lang=fi\",\"description\":\"Vihreiden puheenjohtaja Sofia Virta pit\\u00e4\\u00e4 eritt\\u00e4in tervetulleena SDP:n avausta ilmasto- ja luontopolitiikasta. Virran mukaan SDP:n esitt\\u00e4m\\u00e4t avaukset osoittavat, ett\\u00e4 ymp\\u00e4rist\\u00f6st\\u00e4 on mahdollista tehd\\u00e4 yksi ensi kev\\u00e4\\u00e4n eduskuntavaalien suurista kysymyksist\\u00e4. Nyt puolueiden on kuitenkin osoitettava, kuinka korkealle ne ovat valmiita nostamaan ymp\\u00e4rist\\u00f6politiikan kunnianhimon \\u2013 my\\u00f6s silloin, kun ilmasto- ja luontotavoitteet t\\u00f6rm\\u00e4\\u00e4v\\u00e4t muihin intresseihin.\",\"pubDate\":\"Sun, 23 Aug 2026 13:36:51 GMT\",\"enclosure\":{\"link\":\"https:\\\/\\\/www.sttinfo.fi\\\/data\\\/images\\\/public\\\/69818932\\\/72253052\\\/0fba4abe-eef7-4b00-aa87-937b4a78e0fb.jpg\"}},{\"title\":\"Kansanedustaja Mari Holopainen vaatii toimia Saimaan \\u00f6ljyvahingon j\\u00e4lkeen: T\\u00e4m\\u00e4 ei saa toistua\",\"link\":\"https:\\\/\\\/www.sttinfo.fi\\\/tiedote\\\/72251241\\\/kansanedustaja-mari-holopainen-vaatii-toimia-saimaan-oljyvahingon-jalkeen-tama-ei-saa-toistua?lang=fi\",\"description\":\"Tiistaina Saimaalla tapahtunut \\u00f6ljyvahinko aiheuttaa haittaa vesist\\u00f6lle, alueen asukkaille ja elinkeinoille. Vihreiden kansanedustaja Mari Holopainen vaatii, ett\\u00e4 vahingon ymp\\u00e4rist\\u00f6vaikutukset selvitet\\u00e4\\u00e4n perusteellisesti ja tapahtuneesta otetaan opiksi vastaavien vahinkojen ehk\\u00e4isemiseksi.\",\"pubDate\":\"Fri, 21 Aug 2026 10:27:28 GMT\",\"enclosure\":{\"link\":\"https:\\\/\\\/www.sttinfo.fi\\\/data\\\/images\\\/public\\\/69818932\\\/72251241\\\/e0d6fb17-05e3-48cd-b856-02f9ad1b875e.jpeg\"}},{\"title\":\"Vihreiden Pyh\\u00e4lammi ja V\\u00e4re: YEL- muutoksen piti tuoda selkeytt\\u00e4 ja vapautta \\u2013 hallituksen esitys tuotti pettymyst\\u00e4 ja h\\u00e4mmennyst\\u00e4\",\"link\":\"https:\\\/\\\/www.sttinfo.fi\\\/tiedote\\\/72245672\\\/vihreiden-pyhalammi-ja-vare-yel-muutoksen-piti-tuoda-selkeytta-ja-vapautta-hallituksen-esitys-tuotti-pettymysta-ja-hammennysta?lang=fi\",\"description\":\"Vihreiden varapuheenjohtaja Pyh\\u00e4l\\u00e4mmi ja puoluevaltuuston varapuheenjohtaja V\\u00e4re huomauttavat, ett\\u00e4 hallituksen esitys YEL j\\u00e4rjestelm\\u00e4\\u00e4n liittyvist\\u00e4 muutoksista tuovat laihaa lohtua mikro- ja pienyritt\\u00e4jille suurista lupauksista huolimatta.\",\"pubDate\":\"Wed, 19 Aug 2026 12:50:39 GMT\",\"enclosure\":{\"link\":\"https:\\\/\\\/www.sttinfo.fi\\\/data\\\/images\\\/public\\\/69818932\\\/72245672\\\/44c792fb-0e84-44c6-a8e8-4d261bea8dc6.jpg\"}},{\"title\":\"Vihreiden Virta: Suomi lipuu kohti tuloerojen eurooppalaista keskitasoa \\u2013 ja se on Orpon hallituksen tietoinen valinta\",\"link\":\"https:\\\/\\\/www.sttinfo.fi\\\/tiedote\\\/72241716\\\/vihreiden-virta-suomi-lipuu-kohti-tuloerojen-eurooppalaista-keskitasoa-ja-se-on-orpon-hallituksen-tietoinen-valinta?lang=fi\",\"description\":\"Vihreiden puheenjohtaja Sofia Virran mukaan Petteri Orpon hallitus on tietoisella valinnallaan ajanut Suomen kahtia \\u2013 ja tuore tutkimus vahvistaa t\\u00e4m\\u00e4n. Tutkimuksen mukaan hallituksen vero- ja sosiaaliturvap\\u00e4\\u00e4t\\u00f6kset ovat siirt\\u00e4neet Suomen pois pienten tuloerojen maiden k\\u00e4rjest\\u00e4 kohti eurooppalaista keskitasoa.\",\"pubDate\":\"Tue, 18 Aug 2026 11:44:01 GMT\",\"enclosure\":{\"link\":\"https:\\\/\\\/www.sttinfo.fi\\\/data\\\/images\\\/public\\\/69818932\\\/72241716\\\/c1e4fb55-6050-453a-9b97-029f9e89cc38.jpg\"}},{\"title\":\"Kansanedustaja Mari Holopainen: Uusi tutkimus osoittaa hallituksen tehneen kalliin virheen \\u2013 ty\\u00f6tt\\u00f6myysturvan suojaosa on palautettava\",\"link\":\"https:\\\/\\\/www.sttinfo.fi\\\/tiedote\\\/72236732\\\/kansanedustaja-mari-holopainen-uusi-tutkimus-osoittaa-hallituksen-tehneen-kalliin-virheen-tyottomyysturvan-suojaosa-on-palautettava?lang=fi\",\"description\":\"Tuore tutkimus osoittaa, ett\\u00e4 asumistuen suojaosat lis\\u00e4siv\\u00e4t ty\\u00f6tt\\u00f6mien osa-aikaty\\u00f6n tekemist\\u00e4 ilman, ett\\u00e4 ne heikensiv\\u00e4t my\\u00f6hemp\\u00e4\\u00e4 kokoaikaty\\u00f6llistymist\\u00e4. Vihreiden kansanedustaja Mari Holopaisen mukaan tulokset viev\\u00e4t lopullisesti pohjan Orpon hallituksen p\\u00e4\\u00e4t\\u00f6kselt\\u00e4 poistaa suojaosat.\",\"pubDate\":\"Mon, 17 Aug 2026 09:13:37 GMT\",\"enclosure\":{\"link\":\"https:\\\/\\\/www.sttinfo.fi\\\/data\\\/images\\\/public\\\/69818932\\\/72236732\\\/a44ced5a-113f-4a18-b333-44d620360ce1.jpeg\"}},{\"title\":\"Tiedote Vihreiden Hopsu: Omanin \\u00f6ljykatastrofi on varoitus Suomelle It\\u00e4merell\\u00e4 seilaavasta ymp\\u00e4rist\\u00f6pommista, johon on puututtava\",\"link\":\"https:\\\/\\\/www.sttinfo.fi\\\/tiedote\\\/72234488\\\/tiedote-vihreiden-hopsu-omanin-oljykatastrofi-on-varoitus-suomelle-itamerella-seilaavasta-ymparistopommista-johon-on-puututtava?lang=fi\",\"description\":\"Karille ajanut Ven\\u00e4j\\u00e4n varjolaivaston tankkeri on vuotanut \\u00f6ljy\\u00e4 Omanin edustalla viikkojen ajan, uhaten aiheuttaa yhden pahimmista \\u00f6ljykatastrofeista vuosikausiin. Sama voisi tapahtua koska tahansa It\\u00e4merell\\u00e4, miss\\u00e4 Ven\\u00e4j\\u00e4n varjolaivaston tankkereita kulkee viikoittain. Tilanteeseen on puututtava ennen kuin on liian my\\u00f6h\\u00e4ist\\u00e4, vihreiden kansanedustaja Inka Hopsu vaatii.\",\"pubDate\":\"Fri, 14 Aug 2026 12:36:17 GMT\",\"enclosure\":{\"link\":\"https:\\\/\\\/www.sttinfo.fi\\\/data\\\/images\\\/public\\\/69818932\\\/72234488\\\/8a905b2a-3a46-4ac9-bd68-d0c22813256a.jpg\"}},{\"title\":\"Vihreiden Mari Holopainen: Hallituksen on estett\\u00e4v\\u00e4 Rydmanin tieteen poliittinen valikointi\",\"link\":\"https:\\\/\\\/www.sttinfo.fi\\\/tiedote\\\/72231368\\\/vihreiden-mari-holopainen-hallituksen-on-estettava-rydmanin-tieteen-poliittinen-valikointi?lang=fi\",\"description\":\"Vihreiden kansanedustaja ja sivistysvaliokunnan j\\u00e4sen Mari Holopainen arvostelee sosiaali- ja terveysministeri Wille Rydmanin p\\u00e4\\u00e4t\\u00f6ksi\\u00e4 hyl\\u00e4t\\u00e4 Jyv\\u00e4skyl\\u00e4n yliopiston oikaisuvaatimukset sosiaality\\u00f6n tutkimusrahoituksesta. Holopaisen mukaan p\\u00e4\\u00e4t\\u00f6sten perustelut eiv\\u00e4t vastaa tapauksen olennaiseen kysymykseen: miksi ministeri ohitti asiantuntija-arvioinnin ja j\\u00e4tti rahoittamatta virkaesitykseen sis\\u00e4ltyneit\\u00e4 tutkimushankkeita.\",\"pubDate\":\"Thu, 13 Aug 2026 11:30:48 GMT\",\"enclosure\":{\"link\":\"https:\\\/\\\/www.sttinfo.fi\\\/data\\\/images\\\/public\\\/69818932\\\/72231368\\\/8a292c1a-4345-468a-983f-b39882f5c19a.jpg\"}},{\"title\":\"Vihreiden Fatim Diarra j\\u00e4tt\\u00e4\\u00e4 lakialoitteen \\u00e4lylasien k\\u00e4yt\\u00f6n rajoittamisesta kouluissa\",\"link\":\"https:\\\/\\\/www.sttinfo.fi\\\/tiedote\\\/72230086\\\/vihreiden-fatim-diarra-jattaa-lakialoitteen-alylasien-kayton-rajoittamisesta-kouluissa?lang=fi\",\"description\":\"\\u00c4lylasien nopean kehityksen seurauksena \\u00e4lylasien hinta on pudonnut ja k\\u00e4ytt\\u00f6 yleistynyt. \\u00c4lylasit voivat olla tulevina vuosina kasvava ongelma kouluissa vilpin ja salakuvaamisen vuoksi. Vihreiden kansanedustaja Fatim Diarra j\\u00e4tt\\u00e4\\u00e4 lakialoitteen \\u00e4lylasien k\\u00e4yt\\u00f6n rajoittamisesta kouluissa.\",\"pubDate\":\"Thu, 13 Aug 2026 07:12:18 GMT\",\"enclosure\":{\"link\":\"https:\\\/\\\/www.sttinfo.fi\\\/data\\\/images\\\/public\\\/69818932\\\/72230086\\\/b8341ed6-a71a-4073-a478-d1e8bdd85407.jpg\"}},{\"title\":\"Vihreiden Hyrkk\\u00f6 vaatii VM:lt\\u00e4 ryhtiliikett\\u00e4 verotuksen uudistamiseen ja syytt\\u00e4\\u00e4 kokoomusta poliittisesta teatterista\",\"link\":\"https:\\\/\\\/www.sttinfo.fi\\\/tiedote\\\/72228484\\\/vihreiden-hyrkko-vaatii-vmlta-ryhtiliiketta-verotuksen-uudistamiseen-ja-syyttaa-kokoomusta-poliittisesta-teatterista?lang=fi\",\"description\":\"Valtiovarainvaliokunnan varapuheenjohtaja ja vihre\\u00e4n eduskuntaryhm\\u00e4n varapuheenjohtaja Saara Hyrkk\\u00f6 patistaa muita puolueita ja valtiovarainministeri\\u00f6t\\u00e4 rohkeampiin veroratkaisuihin.\",\"pubDate\":\"Wed, 12 Aug 2026 13:10:52 GMT\",\"enclosure\":{\"link\":\"https:\\\/\\\/www.sttinfo.fi\\\/data\\\/images\\\/public\\\/69818932\\\/72228484\\\/80e37de3-dff5-4fc8-83a6-5970f8968bb2.jpg\"}}],\"title\":\"Vihre\\u00e4t uutiset\",\"rssURL\":\"https:\\\/\\\/www.sttinfo.fi\\\/rss\\\/releases\\\/latest?publisherId=69818932\\n\",\"backgroundColor\":\"#D9EA9A\",\"titleColor\":\"#006845\",\"style\":{\"spacing\":{\"padding\":{\"top\":\"0\",\"bottom\":\"0\"}}},\"numberOfItems\":3,\"displayFeaturedImage\":true,\"displayDescription\":true,\"displayDateTime\":true,\"selectedTitles\":[],\"selectedStyle\":\"style1\",\"displayLoadMore\":false};<\/script><h2 class=\"block-titleH2\" style=\"color:\">Vihre\u00e4t uutiset<\/h2><div class=\"container\"><div class=\"row style1\" id=\"artcloud-rss-feed\"><div class=\"artcloud-item col-4\" style=\"background-color:#D9EA9A;\"><div class=\"artcloud-postImg\"><a href=\"https:\/\/www.sttinfo.fi\/tiedote\/72284037\/virta-vaatii-hallitukselta-viimeisessa-riihessa-ei-enaa-euroakaan-lapsilta-ja-nuorilta?lang=fi\"><\/a><img decoding=\"async\" src=\"https:\/\/www.sttinfo.fi\/data\/images\/public\/69818932\/72284037\/3d2aa134-dd27-4571-b224-dd7f0ef54d8f.jpg\" width=\"100%\" height=\"252px\" alt=\"rss-feed-image\"><\/a><\/div><div class=\"artcloud-content\"><span style=\"color:\">01.09.2026 15:42:06 EET<\/span><a href=\"https:\/\/www.sttinfo.fi\/tiedote\/72284037\/virta-vaatii-hallitukselta-viimeisessa-riihessa-ei-enaa-euroakaan-lapsilta-ja-nuorilta?lang=fi \"><h3 style=\"color:\">Virta vaatii hallitukselta viimeisess\u00e4 riihess\u00e4: ei en\u00e4\u00e4 euroakaan lapsilta<\/h3><\/a><p>Vihreiden puheenjohtaja Sofia Virta vaatii, ett\u00e4 hallitus ei leikkaisi t\u00e4n\u00e4\u00e4n k\u00e4ynnistyv\u00e4ss\u00e4 budjettiriihess\u00e4 lapsilta ja nuorilta en\u00e4\u00e4 euroakaan. Virran mukaan suunta on k\u00e4\u00e4n<\/p><\/div><\/div><div class=\"artcloud-item col-4\" style=\"background-color:#D9EA9A;\"><div class=\"artcloud-postImg\"><a href=\"https:\/\/www.sttinfo.fi\/tiedote\/72283886\/vihreiden-tiina-elo-villisikojen-massalahtaaminen-ei-ole-kestava-tapa-torjua-afrikkalaista-sikaruttoa?lang=fi\"><\/a><img decoding=\"async\" src=\"https:\/\/www.sttinfo.fi\/data\/images\/public\/69818932\/72283886\/1914d373-a3f2-4ef7-a90f-19a1debb44b9.jpg\" width=\"100%\" height=\"252px\" alt=\"rss-feed-image\"><\/a><\/div><div class=\"artcloud-content\"><span style=\"color:\">01.09.2026 15:17:19 EET<\/span><a href=\"https:\/\/www.sttinfo.fi\/tiedote\/72283886\/vihreiden-tiina-elo-villisikojen-massalahtaaminen-ei-ole-kestava-tapa-torjua-afrikkalaista-sikaruttoa?lang=fi \"><h3 style=\"color:\">Vihreiden Tiina Elo: Villisikojen massalahtaaminen ei ole kest\u00e4v\u00e4 tapa torj<\/h3><\/a><p>Kansanedustaja Tiina Elo (vihr.) suhtautuu varauksella hallituksen p\u00e4\u00e4t\u00f6kseen tehostaa villisikojen mets\u00e4styst\u00e4 koko Suomessa afrikkalaisen sikaruton torjumiseksi. Elon mukaan<\/p><\/div><\/div><div class=\"artcloud-item col-4\" style=\"background-color:#D9EA9A;\"><div class=\"artcloud-postImg\"><a href=\"https:\/\/www.sttinfo.fi\/tiedote\/72282676\/kansanedustaja-mari-holopainen-erillista-datakeskustukea-ei-tarvita-datakeskusten-tukemisen-sijaan-hallituksen-pitaa-varmistaa-etta-investoinnit-vahvistavat-suomen-ja-eun-tekoalytaloutta?lang=fi\"><\/a><img decoding=\"async\" src=\"https:\/\/www.sttinfo.fi\/data\/images\/public\/69818932\/72282676\/e5fbf087-4e46-45d3-b8d9-6adda52b9979.jpg\" width=\"100%\" height=\"252px\" alt=\"rss-feed-image\"><\/a><\/div><div class=\"artcloud-content\"><span style=\"color:\">01.09.2026 12:49:49 EET<\/span><a href=\"https:\/\/www.sttinfo.fi\/tiedote\/72282676\/kansanedustaja-mari-holopainen-erillista-datakeskustukea-ei-tarvita-datakeskusten-tukemisen-sijaan-hallituksen-pitaa-varmistaa-etta-investoinnit-vahvistavat-suomen-ja-eun-tekoalytaloutta?lang=fi \"><h3 style=\"color:\">Kansanedustaja Mari Holopainen: Erillist\u00e4 datakeskustukea ei tarvita \u2013 data<\/h3><\/a><p>Kansanedustaja Mari Holopainen arvostelee hallituksen tapaa l\u00e4hesty\u00e4 datakeskusinvestointeja.<\/p><\/div><\/div><\/div><\/div><\/div>\n\n\t<div class=\"wp-block-artcloud-event-block-event-blocks\">\n\t\t\t\t\t\t<div class=\"events-content\">\n\t\t\t\t\t<h1 class=\"page-title\">Kalenteri<\/h1>\n\t\t\t\t\t<div class=\"event-filter\">\n\t\t\t\t\t\t<div class=\"event-search\">\n\t\t\t\t\t\t\t<form id=\"event-search-form\" action=\"javascript:void(0);\" data-attr='{&quot;numberOfPosts&quot;:6,&quot;displayTime&quot;:true,&quot;displayPlace&quot;:true,&quot;displayContent&quot;:true,&quot;postType&quot;:&quot;event&quot;,&quot;order&quot;:&quot;desc&quot;,&quot;orderBy&quot;:&quot;date&quot;,&quot;style&quot;:&quot;style1&quot;,&quot;bgColor&quot;:&quot;var(--wp--preset--color--ternary)&quot;,&quot;titleColor&quot;:&quot;var(--wp--preset--color--primary)&quot;,&quot;categories&quot;:[]}'>\n\t\t\t\t\t\t\t\t<input type=\"text\" name=\"s\" placeholder=\"Hae tapahtumia\" value=\"\">\n\t\t\t\t\t\t\t\t<button type=\"submit\">Hae<\/button>\n\t\t\t\t\t\t\t<\/form>\n\t\t\t\t\t\t<\/div>\n\t\t\t\t\t\t<div class=\"event-tabs\">\n\t\t\t\t\t\t\t<div class=\"title\">N\u00e4yt\u00e4<\/div>\n\t\t\t\t\t\t\t<ul>\n\t\t\t\t\t\t\t\t<li><a href=\"#\" data-tab=\"today\" data-attr='{&quot;numberOfPosts&quot;:6,&quot;displayTime&quot;:true,&quot;displayPlace&quot;:true,&quot;displayContent&quot;:true,&quot;postType&quot;:&quot;event&quot;,&quot;order&quot;:&quot;desc&quot;,&quot;orderBy&quot;:&quot;date&quot;,&quot;style&quot;:&quot;style1&quot;,&quot;bgColor&quot;:&quot;var(--wp--preset--color--ternary)&quot;,&quot;titleColor&quot;:&quot;var(--wp--preset--color--primary)&quot;,&quot;categories&quot;:[]}'>T\u00e4n\u00e4\u00e4n<\/a><\/li>\n\t\t\t\t\t\t\t\t<li class=\"active\"><a href=\"#\" data-tab=\"list\" data-attr='{&quot;numberOfPosts&quot;:6,&quot;displayTime&quot;:true,&quot;displayPlace&quot;:true,&quot;displayContent&quot;:true,&quot;postType&quot;:&quot;event&quot;,&quot;order&quot;:&quot;desc&quot;,&quot;orderBy&quot;:&quot;date&quot;,&quot;style&quot;:&quot;style1&quot;,&quot;bgColor&quot;:&quot;var(--wp--preset--color--ternary)&quot;,&quot;titleColor&quot;:&quot;var(--wp--preset--color--primary)&quot;,&quot;categories&quot;:[]}'>Lista<\/a><\/li>\n\t\t\t\t\t\t\t\t<li><a href=\"#\" data-tab=\"month\" data-attr='{&quot;numberOfPosts&quot;:6,&quot;displayTime&quot;:true,&quot;displayPlace&quot;:true,&quot;displayContent&quot;:true,&quot;postType&quot;:&quot;event&quot;,&quot;order&quot;:&quot;desc&quot;,&quot;orderBy&quot;:&quot;date&quot;,&quot;style&quot;:&quot;style1&quot;,&quot;bgColor&quot;:&quot;var(--wp--preset--color--ternary)&quot;,&quot;titleColor&quot;:&quot;var(--wp--preset--color--primary)&quot;,&quot;categories&quot;:[]}'>Kuukausi<\/a><\/li>\n\t\t\t\t\t\t\t<\/ul>\n\t\t\t\t\t\t<\/div>\n\t\t\t\t\t<\/div>\n\t\t\t\t\t<div id=\"calendar\" data-attr='{&quot;numberOfPosts&quot;:6,&quot;displayTime&quot;:true,&quot;displayPlace&quot;:true,&quot;displayContent&quot;:true,&quot;postType&quot;:&quot;event&quot;,&quot;order&quot;:&quot;desc&quot;,&quot;orderBy&quot;:&quot;date&quot;,&quot;style&quot;:&quot;style1&quot;,&quot;bgColor&quot;:&quot;var(--wp--preset--color--ternary)&quot;,&quot;titleColor&quot;:&quot;var(--wp--preset--color--primary)&quot;,&quot;categories&quot;:[]}'><\/div>\n\t\t\t\t\t<div id=\"search-results\"><\/div>\n\t\t\t\t<\/div>\n\t\n\n\n<div class=\"wp-block-artcloud-blocks-artcloud-hero alignfull\"><style>\n\t\t\t\t.artcloud_hero_block_wrapper.style2 .artcloud_hero_image img {\n\t\t\t\t\tmask-image: url(\"https:\/\/yhdistykset.vihreat.fi\/vihdin.vihreat\/wp-content\/themes\/vihreat\/svgC\/chakra.svg\");\n\t\t\t\t\tmask-position: center;\n\t    mask-repeat: no-repeat;\n\t    mask-size: 100% auto;\n\t    max-width: 100%;\n\t    height: 494px;\n\t    object-fit: cover;\n\t    text-align: center;\n\t    margin: 0 auto;\n\t    width: 29.7rem !important;\n                }\n\t\t\t\t\t.artcloud_hero_cover {\n\t\t\t\t\tpadding-bottom: 4rem;\n\t\t\t\t\tpadding-top: 2rem;\n\n\t\t\t}\n\t\t\t\t\t\t\t\t\t.transparent-header-on .artcloud_hero_cover {\n\t\t\t\t\tpadding-top: calc(2rem + 190px) !important;\n\t\t\t}\n\t\t\t\n\t\t\t\t\t.artcloud_hero_group {\n\t\t\t\t\t\tmargin-bottom: 4rem;\n\t\t\t\t\tmargin-top: 2rem;\n\t\t\t\t\t}\n\t\t\t\t\t.artcloud_hero_block_wrapper.style1.pattern1\n\t\t\t\t\t.artcloud_hero_column_image::before {\n\t\t\t\t\tcontent: \"\";\n\t\t\t\t\tposition: absolute;\n\t\t\t\t\ttop: 0;\n\t\t\t\t\tbottom: 0;\n\t\t\t\t\theight: 0rem;\n\t\t\t\t\twidth: 7rem;\n\t\t\t\t\tleft: calc(0% - 1px);\n\t\t\t\t\tbackground: var(--wp--preset--color--yellow-green);\n\t\t\t\t\t-webkit-clip-path: polygon(0 100%, 0 0, 100% 50%);\n\t\t\t\t\tclip-path: polygon(0 100%, 0 0, 100% 50%);\n\t\t\t\t\tz-index: 1;\n\t\t\t\t}\n\n\t\t\t\t.artcloud_hero_block_wrapper.style1.pattern1.right\n\t\t\t\t\t.artcloud_hero_column_image::before {\n\t\t\t\t\tright: calc(0% - 1px);\n\t\t\t\t\tleft: unset;\n\t\t\t\t\trotate: 180deg;\n\t\t\t\t}\n\t\t\t\t.artcloud_hero_block_wrapper.style1.pattern3\n\t\t\t\t\t.artcloud_hero_column_image::before {\n\t\t\t\t\tcontent: \"\";\n\t\t\t\t\tposition: absolute;\n\t\t\t\t\ttop: 0;\n\t\t\t\t\tbottom: 0;\n\t\t\t\t\theight: 0rem;\n\t\t\t\t\twidth: 7rem;\n\t\t\t\t\tleft: calc(0% - 1px);\n\t\t\t\t\tbackground: var(--wp--preset--color--yellow-green);\n\t\t\t\t\tclip-path: polygon(0 0, 0 100%, 100% 0);\n\t\t\t\t\t-webkit-clip-path: polygon(0 0, 0 100%, 100% 0);\n\t\t\t\t\tz-index: 1;\n\t\t\t\t}\n\n\t\t\t\t.artcloud_hero_block_wrapper.style1.pattern3.right\n\t\t\t\t\t.artcloud_hero_column_image::before {\n\t\t\t\t\tleft: unset;\n\t\t\t\t\tright: calc(0% - 1px);\n\t\t\t\t\trotate: 180deg;\n\t\t\t\t}\n\n\t\t\t\t.artcloud_hero_block_wrapper.style1.pattern2\n\t\t\t\t\t.artcloud_hero_column_image::before {\n\t\t\t\t\tcontent: \"\";\n\t\t\t\t\tposition: absolute;\n\t\t\t\t\ttop: 0;\n\t\t\t\t\tbottom: 0;\n\t\t\t\t\theight: 0rem;\n\t\t\t\t\twidth: 7rem;\n\t\t\t\t\tleft: calc(0% - 1px);\n\t\t\t\t\tbackground: var(--wp--preset--color--yellow-green);\n\t\t\t\t\tclip-path: polygon(100% 0, 0 50%, 100% 100%, 0 100%, 0 55%, 0 0);\n\t\t\t\t\t-webkit-clip-path: polygon(100% 0, 0 50%, 100% 100%, 0 100%, 0 55%, 0 0);\n\t\t\t\t\tz-index: 1;\n\t\t\t\t}\n\t\t\t\t.artcloud_hero_block_wrapper.style1.pattern2.right\n\t\t\t\t\t.artcloud_hero_column_image::before {\n\t\t\t\t\tleft: unset;\n\t\t\t\t\tright: calc(0% - 1px);\n\t\t\t\t\trotate: 180deg;\n\t\t\t\t}\n\t\t\t\t\t.style3 .artcloud_hero_column_content{\n\t\t\t\tmax-width: 64% !important;\n\t\t\t\t}\n\t\t\t<\/style><div class=\"artcloud_hero_block_wrapper style1 pattern1 left\">\n<div class=\"wp-block-cover artcloud_hero_cover wp-duotone-purple-green\" style=\"min-height:172px;aspect-ratio:unset;\"><span aria-hidden=\"true\" class=\"wp-block-cover__background has-accent-background-color has-background-dim-100 has-background-dim\"><\/span><div class=\"wp-block-cover__inner-container is-layout-flow wp-block-cover-is-layout-flow\">\n<div class=\"wp-block-columns artcloud_hero_column_main is-layout-flex wp-container-core-columns-is-layout-f56f613f wp-block-columns-is-layout-flex\">\n<div class=\"wp-block-column is-vertically-aligned-center artcloud_hero_column_content is-layout-flow wp-block-column-is-layout-flow\">\n<h2 class=\"wp-block-heading artcloud_hero_heading\">Vihdin Vihre\u00e4t<\/h2>\n\n\n\n<div class=\"wp-block-columns artcloud_hero_columns_child is-layout-flex wp-container-core-columns-is-layout-f56f613f wp-block-columns-is-layout-flex\">\n<div class=\"wp-block-column is-vertically-aligned-center artcloud_hero_column_child is-layout-flow wp-block-column-is-layout-flow\">\n<div class=\"wp-block-buttons artcloud_hero_button is-content-justification-left is-layout-flex wp-container-core-buttons-is-layout-fa5e4718 wp-block-buttons-is-layout-flex\">\n<div class=\"wp-block-button artcloud_hero_button\"><a class=\"wp-block-button__link wp-element-button\" href=\"https:\/\/asiointi.vihreat.fi\/liittymislomake?yhdistys=84\" target=\"_blank\" rel=\"noreferrer noopener\">Liity j\u00e4seneksi<\/a><\/div>\n<\/div>\n<\/div>\n<\/div>\n<\/div>\n\n\n\n<div class=\"wp-block-column artcloud_hero_column_image is-layout-flow wp-block-column-is-layout-flow\">\n<figure class=\"wp-block-image size-full is-resized artcloud_hero_image\"><a href=\"https:\/\/yhdistykset.vihreat.fi\/vihdin.vihreat\/files\/2020\/11\/Vihti_VALK.png\"><img loading=\"lazy\" decoding=\"async\" width=\"500\" height=\"200\" src=\"https:\/\/yhdistykset.vihreat.fi\/vihdin.vihreat\/files\/2020\/11\/Vihti_VALK.png\" alt=\"\" class=\"wp-image-26255\" style=\"width:373px;height:auto\" srcset=\"https:\/\/yhdistykset.vihreat.fi\/vihdin.vihreat\/files\/2020\/11\/Vihti_VALK.png 500w, https:\/\/yhdistykset.vihreat.fi\/vihdin.vihreat\/files\/2020\/11\/Vihti_VALK-300x120.png 300w, https:\/\/yhdistykset.vihreat.fi\/vihdin.vihreat\/files\/2020\/11\/Vihti_VALK-480x192.png 480w\" sizes=\"auto, (max-width: 500px) 100vw, 500px\" \/><\/a><\/figure>\n<\/div>\n<\/div>\n<\/div><\/div>\n<\/div><\/div>\n<!-- AddThis Advanced Settings generic via filter on the_content --><!-- AddThis Share Buttons generic via filter on the_content -->","protected":false},"excerpt":{"rendered":"<p><!-- AddThis Advanced Settings generic via filter on get_the_excerpt --><!-- AddThis Share Buttons generic via filter on get_the_excerpt --><\/p>\n","protected":false},"author":1,"featured_media":26081,"parent":0,"menu_order":0,"comment_status":"closed","ping_status":"closed","template":"","meta":{"footnotes":""},"class_list":["post-27728","page","type-page","status-publish","has-post-thumbnail","hentry"],"_links":{"self":[{"href":"https:\/\/yhdistykset.vihreat.fi\/vihdin.vihreat\/wp-json\/wp\/v2\/pages\/27728","targetHints":{"allow":["GET"]}}],"collection":[{"href":"https:\/\/yhdistykset.vihreat.fi\/vihdin.vihreat\/wp-json\/wp\/v2\/pages"}],"about":[{"href":"https:\/\/yhdistykset.vihreat.fi\/vihdin.vihreat\/wp-json\/wp\/v2\/types\/page"}],"author":[{"embeddable":true,"href":"https:\/\/yhdistykset.vihreat.fi\/vihdin.vihreat\/wp-json\/wp\/v2\/users\/1"}],"replies":[{"embeddable":true,"href":"https:\/\/yhdistykset.vihreat.fi\/vihdin.vihreat\/wp-json\/wp\/v2\/comments?post=27728"}],"version-history":[{"count":45,"href":"https:\/\/yhdistykset.vihreat.fi\/vihdin.vihreat\/wp-json\/wp\/v2\/pages\/27728\/revisions"}],"predecessor-version":[{"id":28099,"href":"https:\/\/yhdistykset.vihreat.fi\/vihdin.vihreat\/wp-json\/wp\/v2\/pages\/27728\/revisions\/28099"}],"wp:featuredmedia":[{"embeddable":true,"href":"https:\/\/yhdistykset.vihreat.fi\/vihdin.vihreat\/wp-json\/wp\/v2\/media\/26081"}],"wp:attachment":[{"href":"https:\/\/yhdistykset.vihreat.fi\/vihdin.vihreat\/wp-json\/wp\/v2\/media?parent=27728"}],"curies":[{"name":"wp","href":"https:\/\/api.w.org\/{rel}","templated":true}]}}